{"id":5518,"date":"2024-11-11T11:19:00","date_gmt":"2024-11-11T10:19:00","guid":{"rendered":"https:\/\/fundacionoceanografic.org\/sitemap\/"},"modified":"2025-10-07T12:44:52","modified_gmt":"2025-10-07T10:44:52","slug":"sitemap","status":"publish","type":"page","link":"https:\/\/fundacionoceanografic.org\/en\/sitemap\/","title":{"rendered":"Sitemap"},"content":{"rendered":"<div class=\"rank-math-html-sitemap\"><div class=\"rank-math-html-sitemap__section rank-math-html-sitemap__section--post-type rank-math-html-sitemap__section--post\"><h2 id=\"i1\" class=\"rank-math-html-sitemap__title\">Posts<\/h2><ul class=\"rank-math-html-sitemap__list\"><li class=\"rank-math-html-sitemap__item\"><a href=\"https:\/\/fundacionoceanografic.org\/en\/the-oceanografic-foundation-and-the-santa-pola-sea-museum-collaborate-to-strengthen-the-protection-of-the-mediterranean\/\" class=\"rank-math-html-sitemap__link\">The Oceanogr\u00e0fic Foundation and the Santa Pola Sea Museum Collaborate to Strengthen the Protection of the Mediterranean.<\/a> <span class=\"rank-math-html-sitemap__date\">(21 de October de 2025)<\/span><\/li><li class=\"rank-math-html-sitemap__item\"><a href=\"https:\/\/fundacionoceanografic.org\/en\/valencia-hosts-the-first-iberian-meeting-of-experts-in-aquatic-ecosystems\/\" class=\"rank-math-html-sitemap__link\">Valencia Hosts the First Iberian Meeting of Experts in Aquatic Ecosystems<\/a> <span class=\"rank-math-html-sitemap__date\">(17 de October de 2025)<\/span><\/li><li class=\"rank-math-html-sitemap__item\"><a href=\"https:\/\/fundacionoceanografic.org\/en\/200-kilos-of-ghost-nets-removed-from-waters-of-oropesa-del-mar\/\" class=\"rank-math-html-sitemap__link\">200 Kilos of Ghost Nets Removed from Waters of Oropesa Del Mar<\/a> <span class=\"rank-math-html-sitemap__date\">(10 de October de 2025)<\/span><\/li><li class=\"rank-math-html-sitemap__item\"><a href=\"https:\/\/fundacionoceanografic.org\/en\/bird-ringing-workshops-to-promote-environmental-education\/\" class=\"rank-math-html-sitemap__link\">Bird Ringing Workshops to Promote Environmental Education<\/a> <span class=\"rank-math-html-sitemap__date\">(8 de October de 2025)<\/span><\/li><li class=\"rank-math-html-sitemap__item\"><a href=\"https:\/\/fundacionoceanografic.org\/en\/the-last-36-sea-turtles-from-the-2024-nests-enter-the-sea-in-elche\/\" class=\"rank-math-html-sitemap__link\">The Last 36 Sea Turtles from the 2024 Nests Enter the Sea in Elche<\/a> <span class=\"rank-math-html-sitemap__date\">(7 de October de 2025)<\/span><\/li><li class=\"rank-math-html-sitemap__item\"><a href=\"https:\/\/fundacionoceanografic.org\/en\/sixteen-sea-turtles-enter-the-sea-in-torrevieja-after-a-year-at-the-oceanografic\/\" class=\"rank-math-html-sitemap__link\">Sixteen Sea Turtles Enter the Sea in Torrevieja after a Year at the Oceanogr\u00e0fic<\/a> <span class=\"rank-math-html-sitemap__date\">(1 de October de 2025)<\/span><\/li><li class=\"rank-math-html-sitemap__item\"><a href=\"https:\/\/fundacionoceanografic.org\/en\/gulf-of-cadiz-declared-an-international-refuge-for-the-giant-guitarfish\/\" class=\"rank-math-html-sitemap__link\">Gulf of C\u00e1diz Declared an International Refuge for the Giant Guitarfish<\/a> <span class=\"rank-math-html-sitemap__date\">(1 de October de 2025)<\/span><\/li><li class=\"rank-math-html-sitemap__item\"><a href=\"https:\/\/fundacionoceanografic.org\/en\/the-oceanografic-organizes-inclusive-scientific-workshops-at-the-european-researchers-night\/\" class=\"rank-math-html-sitemap__link\">The Oceanogr\u00e0fic Organizes Inclusive Scientific Workshops at the European Researchers&#039; Night<\/a> <span class=\"rank-math-html-sitemap__date\">(26 de September de 2025)<\/span><\/li><li class=\"rank-math-html-sitemap__item\"><a href=\"https:\/\/fundacionoceanografic.org\/en\/nine-turtles-born-on-benidorm-beach-enter-the-sea-after-a-year-at-the-oceanografic-foundation\/\" class=\"rank-math-html-sitemap__link\">Nine Turtles Born on Benidorm Beach Enter the Sea after a Year at the Oceanogr\u00e0fic Foundation<\/a> <span class=\"rank-math-html-sitemap__date\">(25 de September de 2025)<\/span><\/li><li class=\"rank-math-html-sitemap__item\"><a href=\"https:\/\/fundacionoceanografic.org\/en\/the-oceanografic-foundation-and-environment-reintroduce-loinas-to-a-section-of-the-magro-river-affected-by-the-dana-storm\/\" class=\"rank-math-html-sitemap__link\">The Oceanogr\u00e0fic Foundation and Environment reintroduce loinas to a section of the Magro River affected by the DANA storm<\/a> <span class=\"rank-math-html-sitemap__date\">(24 de September de 2025)<\/span><\/li><li class=\"rank-math-html-sitemap__item\"><a href=\"https:\/\/fundacionoceanografic.org\/en\/14-turtles-hatch-on-el-cargador-beach-in-alcossebre\/\" class=\"rank-math-html-sitemap__link\">14 Turtles Hatch on El Cargador Beach in Alcossebre<\/a> <span class=\"rank-math-html-sitemap__date\">(3 de September de 2025)<\/span><\/li><li class=\"rank-math-html-sitemap__item\"><a href=\"https:\/\/fundacionoceanografic.org\/en\/el-campello-beach-records-the-birth-of-72-sea-turtles\/\" class=\"rank-math-html-sitemap__link\">El Campello Beach Records the Birth of 72 Sea Turtles<\/a> <span class=\"rank-math-html-sitemap__date\">(3 de September de 2025)<\/span><\/li><li class=\"rank-math-html-sitemap__item\"><a href=\"https:\/\/fundacionoceanografic.org\/en\/the-scientific-mission-to-the-skerki-banks-confirms-their-value-as-a-mediterranean-marine-refuge\/\" class=\"rank-math-html-sitemap__link\">The Scientific Mission to the Skerki Banks Confirms Their Value as a Mediterranean Marine Refuge<\/a> <span class=\"rank-math-html-sitemap__date\">(2 de September de 2025)<\/span><\/li><li class=\"rank-math-html-sitemap__item\"><a href=\"https:\/\/fundacionoceanografic.org\/en\/new-turtle-nest-in-nules-with-98-eggs\/\" class=\"rank-math-html-sitemap__link\">New Turtle Nest in Nules with 98 Eggs<\/a> <span class=\"rank-math-html-sitemap__date\">(18 de August de 2025)<\/span><\/li><li class=\"rank-math-html-sitemap__item\"><a href=\"https:\/\/fundacionoceanografic.org\/en\/54-sea-turtles-hatch-from-an-unregistered-nest-on-almassora-beach\/\" class=\"rank-math-html-sitemap__link\">54 Sea Turtles Hatch from an Unregistered Nest on Almassora Beach<\/a> <span class=\"rank-math-html-sitemap__date\">(30 de July de 2025)<\/span><\/li><li class=\"rank-math-html-sitemap__item\"><a href=\"https:\/\/fundacionoceanografic.org\/en\/a-turtle-has-washed-up-on-the-beach-in-torrevieja-with-remnants-of-a-helium-balloon-inside\/\" class=\"rank-math-html-sitemap__link\">A turtle has washed up on the beach in Torrevieja with remnants of a helium balloon inside.<\/a> <span class=\"rank-math-html-sitemap__date\">(14 de July de 2025)<\/span><\/li><li class=\"rank-math-html-sitemap__item\"><a href=\"https:\/\/fundacionoceanografic.org\/en\/castellon-now-has-its-first-mapping-to-protect-posidonia\/\" class=\"rank-math-html-sitemap__link\">Castell\u00f3n Now Has its First Mapping to Protect Posidonia.<\/a> <span class=\"rank-math-html-sitemap__date\">(13 de July de 2025)<\/span><\/li><li class=\"rank-math-html-sitemap__item\"><a href=\"https:\/\/fundacionoceanografic.org\/en\/elche-beach-records-the-third-turtle-nest-in-the-valencian-community-with-79-eggs\/\" class=\"rank-math-html-sitemap__link\">Elche Beach Records the Third Turtle Nest in the Valencian Community with 79 Eggs<\/a> <span class=\"rank-math-html-sitemap__date\">(4 de July de 2025)<\/span><\/li><li class=\"rank-math-html-sitemap__item\"><a href=\"https:\/\/fundacionoceanografic.org\/en\/the-generalitat-and-the-oceanografic-foundation-remove-a-lost-fishing-net-of-more-than-one-kilometer-from-the-seabed-of-calpe\/\" class=\"rank-math-html-sitemap__link\">The Generalitat and the Oceanogr\u00e0fic Foundation remove a lost fishing net of more than one kilometer from the seabed of Calpe<\/a> <span class=\"rank-math-html-sitemap__date\">(2 de July de 2025)<\/span><\/li><li class=\"rank-math-html-sitemap__item\"><a href=\"https:\/\/fundacionoceanografic.org\/en\/more-than-80-coastal-municipalities-join-forces-this-summer-to-save-sea-turtles\/\" class=\"rank-math-html-sitemap__link\">More than 80 Coastal Municipalities Join Forces this Summer to save Sea Turtles<\/a> <span class=\"rank-math-html-sitemap__date\">(25 de June de 2025)<\/span><\/li><li class=\"rank-math-html-sitemap__item\"><a href=\"https:\/\/fundacionoceanografic.org\/en\/the-giant-guitarfish-survives-on-the-andalusian-coast-thanks-to-citizen-collaboration\/\" class=\"rank-math-html-sitemap__link\">The Giant Guitarfish Survives on the Andalusian Coast Thanks to Citizen Collaboration<\/a> <span class=\"rank-math-html-sitemap__date\">(18 de June de 2025)<\/span><\/li><li class=\"rank-math-html-sitemap__item\"><a href=\"https:\/\/fundacionoceanografic.org\/en\/the-cervantes-saavedra-training-ship-and-the-oceanografic-foundation-present-the-5th-blue-planet-voyage-as-a-marine-educational-and-family-experience\/\" class=\"rank-math-html-sitemap__link\">The Cervantes Saavedra training ship and the Oceanogr\u00e0fic Foundation present the 5th Blue Planet Voyage as a marine, educational, and family experience.<\/a> <span class=\"rank-math-html-sitemap__date\">(18 de June de 2025)<\/span><\/li><li class=\"rank-math-html-sitemap__item\"><a href=\"https:\/\/fundacionoceanografic.org\/en\/agriculture-and-the-oceanografic-foundation-promote-the-recovery-of-sea-urchins-and-seahorses\/\" class=\"rank-math-html-sitemap__link\">Agriculture and the Oceanogr\u00e0fic Foundation Promote the Recovery of Sea Urchins and Seahorses<\/a> <span class=\"rank-math-html-sitemap__date\">(16 de June de 2025)<\/span><\/li><li class=\"rank-math-html-sitemap__item\"><a href=\"https:\/\/fundacionoceanografic.org\/en\/the-beach-of-denia-registers-the-first-turtle-nest-of-the-season-with-116-eggs\/\" class=\"rank-math-html-sitemap__link\">The Beach of D\u00e9nia Registers the First Turtle Nest of the Season with 116 Eggs<\/a> <span class=\"rank-math-html-sitemap__date\">(15 de June de 2025)<\/span><\/li><li class=\"rank-math-html-sitemap__item\"><a href=\"https:\/\/fundacionoceanografic.org\/en\/the-oceanografic-foundations-rescue-team-assists-a-two-meter-manta-ray-after-it-strands-in-cullera\/\" class=\"rank-math-html-sitemap__link\">The Oceanogr\u00e0fic Foundation&#039;s rescue team assists a two-meter manta ray after it strands in Cullera<\/a> <span class=\"rank-math-html-sitemap__date\">(9 de June de 2025)<\/span><\/li><li class=\"rank-math-html-sitemap__item\"><a href=\"https:\/\/fundacionoceanografic.org\/en\/the-21-turtles-born-from-last-years-valencia-nest-enter-the-sea\/\" class=\"rank-math-html-sitemap__link\">The 21 Turtles Born from Last Year&#039;s Valencia Nest Enter the Sea<\/a> <span class=\"rank-math-html-sitemap__date\">(5 de June de 2025)<\/span><\/li><li class=\"rank-math-html-sitemap__item\"><a href=\"https:\/\/fundacionoceanografic.org\/en\/specialists-from-across-the-mediterranean-coast-are-investigating-the-unusual-increase-in-manta-ray-strandings-on-spanish-beaches\/\" class=\"rank-math-html-sitemap__link\">Specialists from across the Mediterranean coast are investigating the unusual increase in manta ray strandings on Spanish beaches.<\/a> <span class=\"rank-math-html-sitemap__date\">(29 de May de 2025)<\/span><\/li><li class=\"rank-math-html-sitemap__item\"><a href=\"https:\/\/fundacionoceanografic.org\/en\/the-biodiversity-of-the-mediterranean-stars-in-the-3rd-oceanfest-underwater-photography-contest\/\" class=\"rank-math-html-sitemap__link\">The Biodiversity of the Mediterranean Stars in the 3rd OceanFest Underwater Photography Contest<\/a> <span class=\"rank-math-html-sitemap__date\">(26 de May de 2025)<\/span><\/li><li class=\"rank-math-html-sitemap__item\"><a href=\"https:\/\/fundacionoceanografic.org\/en\/the-oceanografic-foundation-and-ayuda-en-accion-renew-their-alliance-for-environmental-education\/\" class=\"rank-math-html-sitemap__link\">The Oceanogr\u00e0fic Foundation and Ayuda En Acci\u00f3n Renew Their Alliance for Environmental Education<\/a> <span class=\"rank-math-html-sitemap__date\">(23 de May de 2025)<\/span><\/li><li class=\"rank-math-html-sitemap__item\"><a href=\"https:\/\/fundacionoceanografic.org\/en\/the-oceanografic-highlights-the-human-impact-on-the-oceans-in-a-photographic-exhibition-at-the-ciutat-de-les-arts-i-les-ciencies\/\" class=\"rank-math-html-sitemap__link\">The Oceanogr\u00e0fic highlights the human impact on the oceans in a photographic exhibition at the Ciutat de les Arts i les Ci\u00e8ncies<\/a> <span class=\"rank-math-html-sitemap__date\">(22 de May de 2025)<\/span><\/li><li class=\"rank-math-html-sitemap__item\"><a href=\"https:\/\/fundacionoceanografic.org\/en\/the-turtles-return-to-the-sea-in-september\/\" class=\"rank-math-html-sitemap__link\">The Turtles Return to the Sea in September<\/a> <span class=\"rank-math-html-sitemap__date\">(10 de August de 2017)<\/span><\/li><li class=\"rank-math-html-sitemap__item\"><a href=\"https:\/\/fundacionoceanografic.org\/en\/the-oceanografic-foundation-analyzes-the-causes-of-death-of-the-dolphin-stranded-in-denia\/\" class=\"rank-math-html-sitemap__link\">The Oceanogr\u00e0fic Foundation Analyzes the Causes of Death of the Dolphin Stranded in D\u00e9nia<\/a> <span class=\"rank-math-html-sitemap__date\">(2 de August de 2017)<\/span><\/li><li class=\"rank-math-html-sitemap__item\"><a href=\"https:\/\/fundacionoceanografic.org\/en\/gastronomy-and-oceans\/\" class=\"rank-math-html-sitemap__link\">Gastronomy and Oceans<\/a> <span class=\"rank-math-html-sitemap__date\">(31 de July de 2017)<\/span><\/li><li class=\"rank-math-html-sitemap__item\"><a href=\"https:\/\/fundacionoceanografic.org\/en\/against-marine-litter\/\" class=\"rank-math-html-sitemap__link\">Against Marine Litter<\/a> <span class=\"rank-math-html-sitemap__date\">(28 de July de 2017)<\/span><\/li><li class=\"rank-math-html-sitemap__item\"><a href=\"https:\/\/fundacionoceanografic.org\/en\/oceanografic-foundation-and-red-cross-conclude-campaign-in-nules-to-raise-awareness-about-dolphin-and-turtle-strandings\/\" class=\"rank-math-html-sitemap__link\">Oceanogr\u00e0fic Foundation and Red Cross Conclude Campaign in Nules to Raise Awareness about Dolphin and Turtle Strandings<\/a> <span class=\"rank-math-html-sitemap__date\">(25 de July de 2017)<\/span><\/li><li class=\"rank-math-html-sitemap__item\"><a href=\"https:\/\/fundacionoceanografic.org\/en\/the-oceanografic-collaborates-with-fishermen-in-gandia-to-find-solutions-to-fishing-problems\/\" class=\"rank-math-html-sitemap__link\">The Oceanogr\u00e0fic Collaborates with Fishermen in Gandia to Find Solutions to Fishing Problems.<\/a> <span class=\"rank-math-html-sitemap__date\">(24 de July de 2017)<\/span><\/li><li class=\"rank-math-html-sitemap__item\"><a href=\"https:\/\/fundacionoceanografic.org\/en\/one-of-the-turtles-recovered-by-the-oceanografic-is-now-moving-through-the-atlantic-ocean\/\" class=\"rank-math-html-sitemap__link\">One of the Turtles Recovered by the Oceanogr\u00e0fic is Now Moving through the Atlantic Ocean.<\/a> <span class=\"rank-math-html-sitemap__date\">(19 de July de 2017)<\/span><\/li><li class=\"rank-math-html-sitemap__item\"><a href=\"https:\/\/fundacionoceanografic.org\/en\/fundacion-oceanografic-and-the-red-cross-explain-in-alcossebre-how-to-act-when-faced-with-an-injured-animal-on-the-coast\/\" class=\"rank-math-html-sitemap__link\">Fundaci\u00f3n Oceanogr\u00e0fic and the Red Cross Explain in Alcossebre how to Act when Faced with an Injured Animal on the Coast<\/a> <span class=\"rank-math-html-sitemap__date\">(17 de July de 2017)<\/span><\/li><li class=\"rank-math-html-sitemap__item\"><a href=\"https:\/\/fundacionoceanografic.org\/en\/gannet-that-swallowed-a-fishhook-undergoes-surgery\/\" class=\"rank-math-html-sitemap__link\">GANNET THAT SWALLOWED a FISHHOOK UNDERGOES SURGERY<\/a> <span class=\"rank-math-html-sitemap__date\">(6 de July de 2017)<\/span><\/li><li class=\"rank-math-html-sitemap__item\"><a href=\"https:\/\/fundacionoceanografic.org\/en\/stranding-courses\/\" class=\"rank-math-html-sitemap__link\">STRANDING COURSES<\/a> <span class=\"rank-math-html-sitemap__date\">(6 de July de 2017)<\/span><\/li><li class=\"rank-math-html-sitemap__item\"><a href=\"https:\/\/fundacionoceanografic.org\/en\/french-journalists-visit\/\" class=\"rank-math-html-sitemap__link\">French Journalists Visit<\/a> <span class=\"rank-math-html-sitemap__date\">(3 de July de 2017)<\/span><\/li><li class=\"rank-math-html-sitemap__item\"><a href=\"https:\/\/fundacionoceanografic.org\/en\/308-returns-to-the-sea\/\" class=\"rank-math-html-sitemap__link\">308 Returns to the Sea<\/a> <span class=\"rank-math-html-sitemap__date\">(30 de June de 2017)<\/span><\/li><li class=\"rank-math-html-sitemap__item\"><a href=\"https:\/\/fundacionoceanografic.org\/en\/presentation-of-new-features-to-teachers\/\" class=\"rank-math-html-sitemap__link\">Presentation of New Features to Teachers<\/a> <span class=\"rank-math-html-sitemap__date\">(29 de June de 2017)<\/span><\/li><li class=\"rank-math-html-sitemap__item\"><a href=\"https:\/\/fundacionoceanografic.org\/en\/kylu-is-7-months-old\/\" class=\"rank-math-html-sitemap__link\">Kylu is 7 Months Old<\/a> <span class=\"rank-math-html-sitemap__date\">(26 de June de 2017)<\/span><\/li><li class=\"rank-math-html-sitemap__item\"><a href=\"https:\/\/fundacionoceanografic.org\/en\/dont-pollute-on-san-juan\/\" class=\"rank-math-html-sitemap__link\">Don&#039;t Pollute on San Juan<\/a> <span class=\"rank-math-html-sitemap__date\">(21 de June de 2017)<\/span><\/li><\/ul><\/div><div class=\"rank-math-html-sitemap__section rank-math-html-sitemap__section--post-type rank-math-html-sitemap__section--page\"><h2 id=\"i2\" class=\"rank-math-html-sitemap__title\">Pages<\/h2><ul class=\"rank-math-html-sitemap__list\"><li class=\"rank-math-html-sitemap__item\"><a href=\"https:\/\/fundacionoceanografic.org\/en\/la-marea-del-cambio\/\" class=\"rank-math-html-sitemap__link\">La Marea del Cambio<\/a> <span class=\"rank-math-html-sitemap__date\">(21 de April de 2026)<\/span><\/li><li class=\"rank-math-html-sitemap__item\"><a href=\"https:\/\/fundacionoceanografic.org\/en\/the-tide-of-change\/\" class=\"rank-math-html-sitemap__link\">La Marea del Cambio<\/a> <span class=\"rank-math-html-sitemap__date\">(18 de December de 2024)<\/span><\/li><li class=\"rank-math-html-sitemap__item\"><a href=\"https:\/\/fundacionoceanografic.org\/en\/who-we-are\/\" class=\"rank-math-html-sitemap__link\">Who We Are<\/a> <span class=\"rank-math-html-sitemap__date\">(18 de December de 2024)<\/span><\/li><li class=\"rank-math-html-sitemap__item\"><a href=\"https:\/\/fundacionoceanografic.org\/en\/how-to-spot-a-turtle-nest\/\" class=\"rank-math-html-sitemap__link\">How to Spot a Turtle Nest<\/a> <span class=\"rank-math-html-sitemap__date\">(21 de November de 2024)<\/span><\/li><li class=\"rank-math-html-sitemap__item\"><a href=\"https:\/\/fundacionoceanografic.org\/en\/sitemap\/\" class=\"rank-math-html-sitemap__link\">Sitemap<\/a> <span class=\"rank-math-html-sitemap__date\">(11 de November de 2024)<\/span><\/li><li class=\"rank-math-html-sitemap__item\"><a href=\"https:\/\/fundacionoceanografic.org\/en\/scientific-publications\/\" class=\"rank-math-html-sitemap__link\">Scientific Publications<\/a> <span class=\"rank-math-html-sitemap__date\">(18 de October de 2024)<\/span><\/li><li class=\"rank-math-html-sitemap__item\"><a href=\"https:\/\/fundacionoceanografic.org\/en\/transparency\/\" class=\"rank-math-html-sitemap__link\">Transparency<\/a> <span class=\"rank-math-html-sitemap__date\">(8 de October de 2024)<\/span><\/li><li class=\"rank-math-html-sitemap__item\"><a href=\"https:\/\/fundacionoceanografic.org\/en\/online-sales-terms-and-conditions-policy\/\" class=\"rank-math-html-sitemap__link\">Online Sales Terms and Conditions Policy<\/a> <span class=\"rank-math-html-sitemap__date\">(14 de March de 2024)<\/span><\/li><li class=\"rank-math-html-sitemap__item\"><a href=\"https:\/\/fundacionoceanografic.org\/en\/pillars\/\" class=\"rank-math-html-sitemap__link\">Pillars<\/a> <span class=\"rank-math-html-sitemap__date\">(28 de February de 2024)<\/span><\/li><li class=\"rank-math-html-sitemap__item\"><a href=\"https:\/\/fundacionoceanografic.org\/en\/sponsor-a-sea-turtle\/\" class=\"rank-math-html-sitemap__link\">Sponsor a Sea Turtle<\/a> <span class=\"rank-math-html-sitemap__date\">(28 de February de 2024)<\/span><\/li><li class=\"rank-math-html-sitemap__item\"><a href=\"https:\/\/fundacionoceanografic.org\/en\/conservation-and-care-of-the-environment\/\" class=\"rank-math-html-sitemap__link\">Conservation and Care of the Environment<\/a> <span class=\"rank-math-html-sitemap__date\">(28 de February de 2024)<\/span><\/li><li class=\"rank-math-html-sitemap__item\"><a href=\"https:\/\/fundacionoceanografic.org\/en\/team-building-activities-in-valencia\/\" class=\"rank-math-html-sitemap__link\">Team Building Activities in Valencia<\/a> <span class=\"rank-math-html-sitemap__date\">(28 de February de 2024)<\/span><\/li><li class=\"rank-math-html-sitemap__item\"><a href=\"https:\/\/fundacionoceanografic.org\/en\/join-us\/\" class=\"rank-math-html-sitemap__link\">Join Us<\/a> <span class=\"rank-math-html-sitemap__date\">(28 de February de 2024)<\/span><ul class=\"rank-math-html-sitemap__list\"><li class=\"rank-math-html-sitemap__item\"><a href=\"https:\/\/fundacionoceanografic.org\/en\/join-us\/how-to-spot-a-turtle-nest\/\" class=\"rank-math-html-sitemap__link\">How to Spot a Turtle Nest<\/a> <span class=\"rank-math-html-sitemap__date\">(21 de November de 2024)<\/span><\/li><li class=\"rank-math-html-sitemap__item\"><a href=\"https:\/\/fundacionoceanografic.org\/en\/join-us\/what-to-do-if-you-find-a-marine-animal-in-trouble\/\" class=\"rank-math-html-sitemap__link\">What to Do if You Find a Marine Animal in Trouble<\/a> <span class=\"rank-math-html-sitemap__date\">(11 de March de 2024)<\/span><\/li><li class=\"rank-math-html-sitemap__item\"><a href=\"https:\/\/fundacionoceanografic.org\/en\/join-us\/marine-litter-pollution\/\" class=\"rank-math-html-sitemap__link\">Marine Litter Pollution<\/a> <span class=\"rank-math-html-sitemap__date\">(5 de March de 2024)<\/span><\/li><\/ul><\/li><li class=\"rank-math-html-sitemap__item\"><a href=\"https:\/\/fundacionoceanografic.org\/en\/environmental-services\/\" class=\"rank-math-html-sitemap__link\">Environmental Services<\/a> <span class=\"rank-math-html-sitemap__date\">(28 de February de 2024)<\/span><\/li><li class=\"rank-math-html-sitemap__item\"><a href=\"https:\/\/fundacionoceanografic.org\/en\/volunteering\/\" class=\"rank-math-html-sitemap__link\">Volunteering<\/a> <span class=\"rank-math-html-sitemap__date\">(28 de February de 2024)<\/span><\/li><li class=\"rank-math-html-sitemap__item\"><a href=\"https:\/\/fundacionoceanografic.org\/en\/sponsorships-and-companies\/\" class=\"rank-math-html-sitemap__link\">Sponsorships and Companies<\/a> <span class=\"rank-math-html-sitemap__date\">(28 de February de 2024)<\/span><\/li><li class=\"rank-math-html-sitemap__item\"><a href=\"https:\/\/fundacionoceanografic.org\/en\/solidarity-gift\/\" class=\"rank-math-html-sitemap__link\">Solidarity Gift<\/a> <span class=\"rank-math-html-sitemap__date\">(28 de February de 2024)<\/span><\/li><li class=\"rank-math-html-sitemap__item\"><a href=\"https:\/\/fundacionoceanografic.org\/en\/donate\/\" class=\"rank-math-html-sitemap__link\">Donate<\/a> <span class=\"rank-math-html-sitemap__date\">(28 de February de 2024)<\/span><\/li><li class=\"rank-math-html-sitemap__item\"><a href=\"https:\/\/fundacionoceanografic.org\/en\/contact\/\" class=\"rank-math-html-sitemap__link\">Contact<\/a> <span class=\"rank-math-html-sitemap__date\">(28 de February de 2024)<\/span><\/li><li class=\"rank-math-html-sitemap__item\"><a href=\"https:\/\/fundacionoceanografic.org\/en\/oceanografic-foundation\/\" class=\"rank-math-html-sitemap__link\">Oceanogr\u00e0fic Foundation<\/a> <span class=\"rank-math-html-sitemap__date\">(28 de February de 2024)<\/span><\/li><li class=\"rank-math-html-sitemap__item\"><a href=\"https:\/\/fundacionoceanografic.org\/en\/news\/\" class=\"rank-math-html-sitemap__link\">News<\/a> <span class=\"rank-math-html-sitemap__date\">(28 de February de 2024)<\/span><\/li><li class=\"rank-math-html-sitemap__item\"><a href=\"https:\/\/fundacionoceanografic.org\/en\/news-2\/\" class=\"rank-math-html-sitemap__link\">News<\/a> <span class=\"rank-math-html-sitemap__date\">(28 de February de 2024)<\/span><\/li><li class=\"rank-math-html-sitemap__item\"><a href=\"https:\/\/fundacionoceanografic.org\/en\/\" class=\"rank-math-html-sitemap__link\">Home<\/a> <span class=\"rank-math-html-sitemap__date\">(28 de February de 2024)<\/span><\/li><li class=\"rank-math-html-sitemap__item\"><a href=\"https:\/\/fundacionoceanografic.org\/en\/legal-notice-privacy-policy-and-cookies\/\" class=\"rank-math-html-sitemap__link\">Legal Notice, Privacy Policy and Cookies<\/a> <span class=\"rank-math-html-sitemap__date\">(27 de February de 2024)<\/span><\/li><\/ul><\/div><div class=\"rank-math-html-sitemap__section rank-math-html-sitemap__section--post-type rank-math-html-sitemap__section--evento\"><h2 id=\"i3\" class=\"rank-math-html-sitemap__title\">Agenda<\/h2><ul class=\"rank-math-html-sitemap__list\"><li class=\"rank-math-html-sitemap__item\"><a href=\"https:\/\/fundacionoceanografic.org\/en\/calendar\/limpieza-de-playa-y-suelta-de-tortuga-marina-3\/\" class=\"rank-math-html-sitemap__link\">Limpieza de playa y suelta de tortuga marina<\/a> <span class=\"rank-math-html-sitemap__date\">(27 de April de 2026)<\/span><\/li><li class=\"rank-math-html-sitemap__item\"><a href=\"https:\/\/fundacionoceanografic.org\/en\/calendar\/jornadas-effective-conservation-in-action\/\" class=\"rank-math-html-sitemap__link\">Jornadas &#039;Effective Conservation In Action&#039;<\/a> <span class=\"rank-math-html-sitemap__date\">(23 de April de 2026)<\/span><\/li><li class=\"rank-math-html-sitemap__item\"><a href=\"https:\/\/fundacionoceanografic.org\/en\/calendar\/anillamiento-de-aves-4\/\" class=\"rank-math-html-sitemap__link\">Anillamiento de aves<\/a> <span class=\"rank-math-html-sitemap__date\">(23 de April de 2026)<\/span><\/li><li class=\"rank-math-html-sitemap__item\"><a href=\"https:\/\/fundacionoceanografic.org\/en\/calendar\/mares-con-proposito-8\/\" class=\"rank-math-html-sitemap__link\">Mares con Prop\u00f3sito<\/a> <span class=\"rank-math-html-sitemap__date\">(23 de April de 2026)<\/span><\/li><li class=\"rank-math-html-sitemap__item\"><a href=\"https:\/\/fundacionoceanografic.org\/en\/calendar\/suelta-de-tortuga-marina-16\/\" class=\"rank-math-html-sitemap__link\">Suelta de tortuga marina<\/a> <span class=\"rank-math-html-sitemap__date\">(23 de April de 2026)<\/span><\/li><li class=\"rank-math-html-sitemap__item\"><a href=\"https:\/\/fundacionoceanografic.org\/en\/calendar\/talleres-educativos-en-la-trobada-descoles-en-valencia-2026\/\" class=\"rank-math-html-sitemap__link\">Talleres educativos en la Trobada d\u2019Escoles en Valenci\u00e0 2026<\/a> <span class=\"rank-math-html-sitemap__date\">(23 de April de 2026)<\/span><\/li><li class=\"rank-math-html-sitemap__item\"><a href=\"https:\/\/fundacionoceanografic.org\/en\/calendar\/jornada-del-profesorado-4\/\" class=\"rank-math-html-sitemap__link\">Jornada del Profesorado<\/a> <span class=\"rank-math-html-sitemap__date\">(23 de April de 2026)<\/span><\/li><li class=\"rank-math-html-sitemap__item\"><a href=\"https:\/\/fundacionoceanografic.org\/en\/calendar\/anillamiento-de-aves-2\/\" class=\"rank-math-html-sitemap__link\">Anillamiento de aves<\/a> <span class=\"rank-math-html-sitemap__date\">(23 de April de 2026)<\/span><\/li><li class=\"rank-math-html-sitemap__item\"><a href=\"https:\/\/fundacionoceanografic.org\/en\/calendar\/suelta-de-gallipatos-2\/\" class=\"rank-math-html-sitemap__link\">Suelta de gallipatos<\/a> <span class=\"rank-math-html-sitemap__date\">(23 de April de 2026)<\/span><\/li><li class=\"rank-math-html-sitemap__item\"><a href=\"https:\/\/fundacionoceanografic.org\/en\/calendar\/mares-con-proposito-7\/\" class=\"rank-math-html-sitemap__link\">Mares con Prop\u00f3sito<\/a> <span class=\"rank-math-html-sitemap__date\">(23 de April de 2026)<\/span><\/li><li class=\"rank-math-html-sitemap__item\"><a href=\"https:\/\/fundacionoceanografic.org\/en\/calendar\/vilaciencia-2026-concurs-per-a-joves-investigadors\/\" class=\"rank-math-html-sitemap__link\">Vilaci\u00e8ncia 2026 - Concurs per a joves investigadors<\/a> <span class=\"rank-math-html-sitemap__date\">(23 de April de 2026)<\/span><\/li><li class=\"rank-math-html-sitemap__item\"><a href=\"https:\/\/fundacionoceanografic.org\/en\/calendar\/la-fundacion-oceanografic-viaja-a-los-hospitales-3\/\" class=\"rank-math-html-sitemap__link\">La Fundaci\u00f3n Oceanogr\u00e0fic viaja a los hospitales<\/a> <span class=\"rank-math-html-sitemap__date\">(17 de April de 2026)<\/span><\/li><li class=\"rank-math-html-sitemap__item\"><a href=\"https:\/\/fundacionoceanografic.org\/en\/calendar\/la-fundacion-oceanografic-viaja-a-los-hospitales-2\/\" class=\"rank-math-html-sitemap__link\">La Fundaci\u00f3n Oceanogr\u00e0fic viaja a los Hospitales<\/a> <span class=\"rank-math-html-sitemap__date\">(17 de April de 2026)<\/span><\/li><li class=\"rank-math-html-sitemap__item\"><a href=\"https:\/\/fundacionoceanografic.org\/en\/calendar\/suelta-de-tortuga-marina-15\/\" class=\"rank-math-html-sitemap__link\">Suelta de tortuga marina<\/a> <span class=\"rank-math-html-sitemap__date\">(30 de March de 2026)<\/span><\/li><li class=\"rank-math-html-sitemap__item\"><a href=\"https:\/\/fundacionoceanografic.org\/en\/calendar\/accion-por-el-clima\/\" class=\"rank-math-html-sitemap__link\">Acci\u00f3n por el Clima<\/a> <span class=\"rank-math-html-sitemap__date\">(30 de March de 2026)<\/span><\/li><li class=\"rank-math-html-sitemap__item\"><a href=\"https:\/\/fundacionoceanografic.org\/en\/calendar\/visita-educativa-a-las-instalaciones-del-oceanografic\/\" class=\"rank-math-html-sitemap__link\">Visita educativa a las instalaciones del Oceanogr\u00e0fic<\/a> <span class=\"rank-math-html-sitemap__date\">(27 de March de 2026)<\/span><\/li><li class=\"rank-math-html-sitemap__item\"><a href=\"https:\/\/fundacionoceanografic.org\/en\/calendar\/suelte-de-tortuga-marina\/\" class=\"rank-math-html-sitemap__link\">Suelta de tortuga marina<\/a> <span class=\"rank-math-html-sitemap__date\">(27 de March de 2026)<\/span><\/li><li class=\"rank-math-html-sitemap__item\"><a href=\"https:\/\/fundacionoceanografic.org\/en\/calendar\/anillamiento-cientifico-de-aves-5\/\" class=\"rank-math-html-sitemap__link\">Anillamiento cient\u00edfico de aves<\/a> <span class=\"rank-math-html-sitemap__date\">(27 de March de 2026)<\/span><\/li><li class=\"rank-math-html-sitemap__item\"><a href=\"https:\/\/fundacionoceanografic.org\/en\/calendar\/mares-con-proposito-6\/\" class=\"rank-math-html-sitemap__link\">Mares con Prop\u00f3sito<\/a> <span class=\"rank-math-html-sitemap__date\">(27 de March de 2026)<\/span><\/li><li class=\"rank-math-html-sitemap__item\"><a href=\"https:\/\/fundacionoceanografic.org\/en\/calendar\/mares-con-proposito-5\/\" class=\"rank-math-html-sitemap__link\">Mares con prop\u00f3sito<\/a> <span class=\"rank-math-html-sitemap__date\">(27 de March de 2026)<\/span><\/li><li class=\"rank-math-html-sitemap__item\"><a href=\"https:\/\/fundacionoceanografic.org\/en\/calendar\/marea-del-cambio-ciclo-de-dialogos-cientificos-10\/\" class=\"rank-math-html-sitemap__link\">Marea del Cambio con Jer\u00f3nimo L\u00f3pez y Antonio Quesada<\/a> <span class=\"rank-math-html-sitemap__date\">(24 de March de 2026)<\/span><\/li><li class=\"rank-math-html-sitemap__item\"><a href=\"https:\/\/fundacionoceanografic.org\/en\/calendar\/suelta-de-samarucs-y-petxinots\/\" class=\"rank-math-html-sitemap__link\">Suelta de samarucs y petxinots<\/a> <span class=\"rank-math-html-sitemap__date\">(9 de March de 2026)<\/span><\/li><li class=\"rank-math-html-sitemap__item\"><a href=\"https:\/\/fundacionoceanografic.org\/en\/calendar\/jornada-de-bienvenida-de-voluntariado\/\" class=\"rank-math-html-sitemap__link\">Jornada de bienvenida de voluntariado<\/a> <span class=\"rank-math-html-sitemap__date\">(27 de February de 2026)<\/span><\/li><li class=\"rank-math-html-sitemap__item\"><a href=\"https:\/\/fundacionoceanografic.org\/en\/calendar\/suelta-de-tortuga-marina-14\/\" class=\"rank-math-html-sitemap__link\">Suelta de tortuga marina<\/a> <span class=\"rank-math-html-sitemap__date\">(27 de February de 2026)<\/span><\/li><li class=\"rank-math-html-sitemap__item\"><a href=\"https:\/\/fundacionoceanografic.org\/en\/calendar\/visita-educativa\/\" class=\"rank-math-html-sitemap__link\">Visita educativa<\/a> <span class=\"rank-math-html-sitemap__date\">(27 de February de 2026)<\/span><\/li><li class=\"rank-math-html-sitemap__item\"><a href=\"https:\/\/fundacionoceanografic.org\/en\/calendar\/suelta-de-tortuga-marina-13\/\" class=\"rank-math-html-sitemap__link\">Suelta de Tortuga Marina<\/a> <span class=\"rank-math-html-sitemap__date\">(27 de February de 2026)<\/span><\/li><li class=\"rank-math-html-sitemap__item\"><a href=\"https:\/\/fundacionoceanografic.org\/en\/calendar\/talleres-educativos\/\" class=\"rank-math-html-sitemap__link\">Talleres educativos<\/a> <span class=\"rank-math-html-sitemap__date\">(27 de February de 2026)<\/span><\/li><li class=\"rank-math-html-sitemap__item\"><a href=\"https:\/\/fundacionoceanografic.org\/en\/calendar\/suelta-de-tortuga-marina-12\/\" class=\"rank-math-html-sitemap__link\">Suelta de tortuga marina<\/a> <span class=\"rank-math-html-sitemap__date\">(27 de February de 2026)<\/span><\/li><li class=\"rank-math-html-sitemap__item\"><a href=\"https:\/\/fundacionoceanografic.org\/en\/calendar\/visita-a-las-instalaciones-del-oceanografic-y-suelta-de-tortuga-marina\/\" class=\"rank-math-html-sitemap__link\">Visita a las instalaciones del Oceanogr\u00e0fic y suelta de tortuga marina<\/a> <span class=\"rank-math-html-sitemap__date\">(27 de February de 2026)<\/span><\/li><li class=\"rank-math-html-sitemap__item\"><a href=\"https:\/\/fundacionoceanografic.org\/en\/calendar\/marea-del-cambio-ciclo-de-dialogos-cientificos-9\/\" class=\"rank-math-html-sitemap__link\">Marea del Cambio con Jos\u00e9 Antonio Moya y Carlos Mic\u00f3<\/a> <span class=\"rank-math-html-sitemap__date\">(10 de February de 2026)<\/span><\/li><li class=\"rank-math-html-sitemap__item\"><a href=\"https:\/\/fundacionoceanografic.org\/en\/calendar\/marea-del-cambio-ciclo-de-dialogos-cientificos-8\/\" class=\"rank-math-html-sitemap__link\">Marea del Cambio con Carlos Pobes<\/a> <span class=\"rank-math-html-sitemap__date\">(10 de February de 2026)<\/span><\/li><li class=\"rank-math-html-sitemap__item\"><a href=\"https:\/\/fundacionoceanografic.org\/en\/calendar\/marea-del-cambio-ciclo-de-dialogos-cientificos-7\/\" class=\"rank-math-html-sitemap__link\">Marea del Cambio con Carlota Escutia<\/a> <span class=\"rank-math-html-sitemap__date\">(10 de February de 2026)<\/span><\/li><li class=\"rank-math-html-sitemap__item\"><a href=\"https:\/\/fundacionoceanografic.org\/en\/calendar\/marea-del-cambio-ciclo-de-dialogos-cientificos-6\/\" class=\"rank-math-html-sitemap__link\">Marea del Cambio con Javier Cacho y Alberto de Zunzunegui<\/a> <span class=\"rank-math-html-sitemap__date\">(9 de February de 2026)<\/span><\/li><li class=\"rank-math-html-sitemap__item\"><a href=\"https:\/\/fundacionoceanografic.org\/en\/calendar\/limpieza-de-playa-y-suelta-de-tortuga\/\" class=\"rank-math-html-sitemap__link\">Limpieza de playa y suelta de tortuga<\/a> <span class=\"rank-math-html-sitemap__date\">(3 de February de 2026)<\/span><\/li><li class=\"rank-math-html-sitemap__item\"><a href=\"https:\/\/fundacionoceanografic.org\/en\/calendar\/limpieza-de-playa-y-suelta-de-tortuga-marina-2\/\" class=\"rank-math-html-sitemap__link\">Limpieza de playa y suelta de tortuga marina<\/a> <span class=\"rank-math-html-sitemap__date\">(3 de February de 2026)<\/span><\/li><li class=\"rank-math-html-sitemap__item\"><a href=\"https:\/\/fundacionoceanografic.org\/en\/calendar\/suelta-de-tortuga-marina-10\/\" class=\"rank-math-html-sitemap__link\">Suelta de tortuga marina<\/a> <span class=\"rank-math-html-sitemap__date\">(2 de February de 2026)<\/span><\/li><li class=\"rank-math-html-sitemap__item\"><a href=\"https:\/\/fundacionoceanografic.org\/en\/calendar\/actividad-formativa\/\" class=\"rank-math-html-sitemap__link\">Actividad formativa<\/a> <span class=\"rank-math-html-sitemap__date\">(29 de January de 2026)<\/span><\/li><li class=\"rank-math-html-sitemap__item\"><a href=\"https:\/\/fundacionoceanografic.org\/en\/calendar\/limpieza-de-playa-y-suelta-de-tortuga-marina-recuperada-en-el-arca-del-mar\/\" class=\"rank-math-html-sitemap__link\">Limpieza de playa y suelta de tortuga marina recuperada en el ARCA del Mar<\/a> <span class=\"rank-math-html-sitemap__date\">(29 de January de 2026)<\/span><\/li><li class=\"rank-math-html-sitemap__item\"><a href=\"https:\/\/fundacionoceanografic.org\/en\/calendar\/proyecto-educativo\/\" class=\"rank-math-html-sitemap__link\">Suelta de tortuga marina<\/a> <span class=\"rank-math-html-sitemap__date\">(29 de January de 2026)<\/span><\/li><li class=\"rank-math-html-sitemap__item\"><a href=\"https:\/\/fundacionoceanografic.org\/en\/calendar\/charla\/\" class=\"rank-math-html-sitemap__link\">Charla formativa<\/a> <span class=\"rank-math-html-sitemap__date\">(29 de January de 2026)<\/span><\/li><li class=\"rank-math-html-sitemap__item\"><a href=\"https:\/\/fundacionoceanografic.org\/en\/calendar\/anillamiento-cientifico-de-aves-4\/\" class=\"rank-math-html-sitemap__link\">Anillamiento cient\u00edfico de aves<\/a> <span class=\"rank-math-html-sitemap__date\">(29 de January de 2026)<\/span><\/li><li class=\"rank-math-html-sitemap__item\"><a href=\"https:\/\/fundacionoceanografic.org\/en\/calendar\/limpieza-de-playa-y-suelta-de-tortiga-marina-recuperada-en-el-arca-del-mar\/\" class=\"rank-math-html-sitemap__link\">Limpieza de playa y suelta de tortiga marina recuperada en el ARCA del Mar<\/a> <span class=\"rank-math-html-sitemap__date\">(29 de January de 2026)<\/span><\/li><li class=\"rank-math-html-sitemap__item\"><a href=\"https:\/\/fundacionoceanografic.org\/en\/calendar\/cribado-de-ejemplares-de-petxinot-2\/\" class=\"rank-math-html-sitemap__link\">Cribado de ejemplares de petxinot<\/a> <span class=\"rank-math-html-sitemap__date\">(29 de January de 2026)<\/span><\/li><li class=\"rank-math-html-sitemap__item\"><a href=\"https:\/\/fundacionoceanografic.org\/en\/calendar\/suelta-de-tortuga-marina-9\/\" class=\"rank-math-html-sitemap__link\">Suelta de tortuga marina<\/a> <span class=\"rank-math-html-sitemap__date\">(20 de January de 2026)<\/span><\/li><li class=\"rank-math-html-sitemap__item\"><a href=\"https:\/\/fundacionoceanografic.org\/en\/calendar\/cribado-de-ejemplares-de-petxinot\/\" class=\"rank-math-html-sitemap__link\">Cribado de ejemplares de petxinot<\/a> <span class=\"rank-math-html-sitemap__date\">(20 de January de 2026)<\/span><\/li><li class=\"rank-math-html-sitemap__item\"><a href=\"https:\/\/fundacionoceanografic.org\/en\/calendar\/suelta-de-tortuga-marina-8\/\" class=\"rank-math-html-sitemap__link\">Suelta de tres tortugas marinas<\/a> <span class=\"rank-math-html-sitemap__date\">(7 de January de 2026)<\/span><\/li><li class=\"rank-math-html-sitemap__item\"><a href=\"https:\/\/fundacionoceanografic.org\/en\/calendar\/suelta-de-tortuga-marina-7\/\" class=\"rank-math-html-sitemap__link\">Suelta de tortuga marina<\/a> <span class=\"rank-math-html-sitemap__date\">(7 de January de 2026)<\/span><\/li><li class=\"rank-math-html-sitemap__item\"><a href=\"https:\/\/fundacionoceanografic.org\/en\/calendar\/suelta-de-tortuga-marina-6\/\" class=\"rank-math-html-sitemap__link\">Suelta de tortuga marina<\/a> <span class=\"rank-math-html-sitemap__date\">(7 de January de 2026)<\/span><\/li><li class=\"rank-math-html-sitemap__item\"><a href=\"https:\/\/fundacionoceanografic.org\/en\/calendar\/visita-conoce-la-fundacion-oceanografic-4\/\" class=\"rank-math-html-sitemap__link\">Suelta de tortuga marina<\/a> <span class=\"rank-math-html-sitemap__date\">(7 de January de 2026)<\/span><\/li><li class=\"rank-math-html-sitemap__item\"><a href=\"https:\/\/fundacionoceanografic.org\/en\/calendar\/suelta-de-tortuga\/\" class=\"rank-math-html-sitemap__link\">Suelta de Tortuga Marina<\/a> <span class=\"rank-math-html-sitemap__date\">(7 de January de 2026)<\/span><\/li><li class=\"rank-math-html-sitemap__item\"><a href=\"https:\/\/fundacionoceanografic.org\/en\/calendar\/estudio-de-especies-vulnerables-locales\/\" class=\"rank-math-html-sitemap__link\">Estudio de especies vulnerables locales<\/a> <span class=\"rank-math-html-sitemap__date\">(12 de December de 2025)<\/span><\/li><li class=\"rank-math-html-sitemap__item\"><a href=\"https:\/\/fundacionoceanografic.org\/en\/calendar\/visita-de-aspanion-y-actividad-educativa\/\" class=\"rank-math-html-sitemap__link\">Visita de ASPANION y actividad educativa<\/a> <span class=\"rank-math-html-sitemap__date\">(12 de December de 2025)<\/span><\/li><li class=\"rank-math-html-sitemap__item\"><a href=\"https:\/\/fundacionoceanografic.org\/en\/calendar\/suelta-de-tortuga-junto-al-ceip-garbi\/\" class=\"rank-math-html-sitemap__link\">Suelta de tortuga junto al CEIP Garb\u00ed<\/a> <span class=\"rank-math-html-sitemap__date\">(24 de November de 2025)<\/span><\/li><li class=\"rank-math-html-sitemap__item\"><a href=\"https:\/\/fundacionoceanografic.org\/en\/calendar\/suelta-de-tortuga-marina-junto-a-la-empresa-jan-de-nuu\/\" class=\"rank-math-html-sitemap__link\">Suelta de tortuga marina junto a la empresa Jan de Nuu<\/a> <span class=\"rank-math-html-sitemap__date\">(24 de November de 2025)<\/span><\/li><li class=\"rank-math-html-sitemap__item\"><a href=\"https:\/\/fundacionoceanografic.org\/en\/calendar\/marea-del-cambio-ciclo-de-dialogos-cientificos-5\/\" class=\"rank-math-html-sitemap__link\">Marea del Cambio con Jos\u00e9 Lu\u00eds Pelegr\u00ed<\/a> <span class=\"rank-math-html-sitemap__date\">(17 de November de 2025)<\/span><\/li><li class=\"rank-math-html-sitemap__item\"><a href=\"https:\/\/fundacionoceanografic.org\/en\/calendar\/semana-de-la-ciencia\/\" class=\"rank-math-html-sitemap__link\">Semana de la Ciencia<\/a> <span class=\"rank-math-html-sitemap__date\">(10 de November de 2025)<\/span><\/li><li class=\"rank-math-html-sitemap__item\"><a href=\"https:\/\/fundacionoceanografic.org\/en\/calendar\/limpieza-de-playa-junto-al-ies-patacona\/\" class=\"rank-math-html-sitemap__link\">Limpieza de playa junto al IES Patacona<\/a> <span class=\"rank-math-html-sitemap__date\">(10 de November de 2025)<\/span><\/li><li class=\"rank-math-html-sitemap__item\"><a href=\"https:\/\/fundacionoceanografic.org\/en\/calendar\/ii-jornadas-medioambientales-del-mar-calp-blau-2025\/\" class=\"rank-math-html-sitemap__link\">II Jornadas Medioambientales del Mar \u201cCalp Blau\u201d 2025<\/a> <span class=\"rank-math-html-sitemap__date\">(3 de November de 2025)<\/span><\/li><li class=\"rank-math-html-sitemap__item\"><a href=\"https:\/\/fundacionoceanografic.org\/en\/calendar\/sea-turtle-release-4\/\" class=\"rank-math-html-sitemap__link\">Sea Turtle Release<\/a> <span class=\"rank-math-html-sitemap__date\">(20 de October de 2025)<\/span><\/li><li class=\"rank-math-html-sitemap__item\"><a href=\"https:\/\/fundacionoceanografic.org\/en\/calendar\/teachers-conference-3\/\" class=\"rank-math-html-sitemap__link\">Teacher&#039;s Conference<\/a> <span class=\"rank-math-html-sitemap__date\">(20 de October de 2025)<\/span><\/li><li class=\"rank-math-html-sitemap__item\"><a href=\"https:\/\/fundacionoceanografic.org\/en\/calendar\/scientific-bird-ringing-4\/\" class=\"rank-math-html-sitemap__link\">Scientific Bird Ringing<\/a> <span class=\"rank-math-html-sitemap__date\">(20 de October de 2025)<\/span><\/li><li class=\"rank-math-html-sitemap__item\"><a href=\"https:\/\/fundacionoceanografic.org\/en\/calendar\/science-show\/\" class=\"rank-math-html-sitemap__link\">Science Show<\/a> <span class=\"rank-math-html-sitemap__date\">(20 de October de 2025)<\/span><\/li><li class=\"rank-math-html-sitemap__item\"><a href=\"https:\/\/fundacionoceanografic.org\/en\/calendar\/professional-fishing-day-of-the-valencian-community\/\" class=\"rank-math-html-sitemap__link\">Professional Fishing Day of the Valencian Community<\/a> <span class=\"rank-math-html-sitemap__date\">(20 de October de 2025)<\/span><\/li><li class=\"rank-math-html-sitemap__item\"><a href=\"https:\/\/fundacionoceanografic.org\/en\/calendar\/shark-handling-and-maintenance-course\/\" class=\"rank-math-html-sitemap__link\">Shark Handling and Maintenance Course<\/a> <span class=\"rank-math-html-sitemap__date\">(20 de October de 2025)<\/span><\/li><li class=\"rank-math-html-sitemap__item\"><a href=\"https:\/\/fundacionoceanografic.org\/en\/calendar\/scientific-workshops-science-week\/\" class=\"rank-math-html-sitemap__link\">Scientific Workshops - Science Week<\/a> <span class=\"rank-math-html-sitemap__date\">(20 de October de 2025)<\/span><\/li><li class=\"rank-math-html-sitemap__item\"><a href=\"https:\/\/fundacionoceanografic.org\/en\/calendar\/visita-conoce-la-fundacion-oceanografic\/\" class=\"rank-math-html-sitemap__link\">Visita Conoce la Fundaci\u00f3n Oceanogr\u00e0fic<\/a> <span class=\"rank-math-html-sitemap__date\">(20 de October de 2025)<\/span><\/li><li class=\"rank-math-html-sitemap__item\"><a href=\"https:\/\/fundacionoceanografic.org\/en\/calendar\/training-session-on-marine-litter\/\" class=\"rank-math-html-sitemap__link\">Training Session on Marine Litter<\/a> <span class=\"rank-math-html-sitemap__date\">(24 de September de 2025)<\/span><\/li><li class=\"rank-math-html-sitemap__item\"><a href=\"https:\/\/fundacionoceanografic.org\/en\/calendar\/sea-turtle-release-3\/\" class=\"rank-math-html-sitemap__link\">Sea Turtle Release<\/a> <span class=\"rank-math-html-sitemap__date\">(24 de September de 2025)<\/span><\/li><li class=\"rank-math-html-sitemap__item\"><a href=\"https:\/\/fundacionoceanografic.org\/en\/calendar\/release-of-newborn-turtles\/\" class=\"rank-math-html-sitemap__link\">Release of Newborn Turtles<\/a> <span class=\"rank-math-html-sitemap__date\">(24 de September de 2025)<\/span><\/li><li class=\"rank-math-html-sitemap__item\"><a href=\"https:\/\/fundacionoceanografic.org\/en\/calendar\/inclusive-content-preparation-session\/\" class=\"rank-math-html-sitemap__link\">Inclusive Content Preparation Session<\/a> <span class=\"rank-math-html-sitemap__date\">(22 de September de 2025)<\/span><\/li><li class=\"rank-math-html-sitemap__item\"><a href=\"https:\/\/fundacionoceanografic.org\/en\/calendar\/educational-materials-organization-session\/\" class=\"rank-math-html-sitemap__link\">Educational Materials Organization Session<\/a> <span class=\"rank-math-html-sitemap__date\">(15 de September de 2025)<\/span><\/li><li class=\"rank-math-html-sitemap__item\"><a href=\"https:\/\/fundacionoceanografic.org\/en\/calendar\/tide-of-change-cycle-of-scientific-dialogues-2\/\" class=\"rank-math-html-sitemap__link\">Tide of Change. Cycle of Scientific Dialogues<\/a> <span class=\"rank-math-html-sitemap__date\">(15 de September de 2025)<\/span><\/li><li class=\"rank-math-html-sitemap__item\"><a href=\"https:\/\/fundacionoceanografic.org\/en\/calendar\/tide-of-change-cycle-of-scientific-dialogues\/\" class=\"rank-math-html-sitemap__link\">Tide of Change. Cycle of Scientific Dialogues<\/a> <span class=\"rank-math-html-sitemap__date\">(15 de September de 2025)<\/span><\/li><li class=\"rank-math-html-sitemap__item\"><a href=\"https:\/\/fundacionoceanografic.org\/en\/calendar\/scientific-bird-ringing-2\/\" class=\"rank-math-html-sitemap__link\">Scientific Bird Ringing<\/a> <span class=\"rank-math-html-sitemap__date\">(10 de September de 2025)<\/span><\/li><li class=\"rank-math-html-sitemap__item\"><a href=\"https:\/\/fundacionoceanografic.org\/en\/calendar\/release-of-newborn-sea-turtles-3\/\" class=\"rank-math-html-sitemap__link\">Release of Newborn Sea Turtles<\/a> <span class=\"rank-math-html-sitemap__date\">(9 de September de 2025)<\/span><\/li><li class=\"rank-math-html-sitemap__item\"><a href=\"https:\/\/fundacionoceanografic.org\/en\/calendar\/beach-cleanup\/\" class=\"rank-math-html-sitemap__link\">Beach Cleanup<\/a> <span class=\"rank-math-html-sitemap__date\">(9 de September de 2025)<\/span><\/li><li class=\"rank-math-html-sitemap__item\"><a href=\"https:\/\/fundacionoceanografic.org\/en\/calendar\/educational-tour-of-the-oceanografic\/\" class=\"rank-math-html-sitemap__link\">Educational Tour of the Oceanogr\u00e0fic<\/a> <span class=\"rank-math-html-sitemap__date\">(8 de September de 2025)<\/span><\/li><li class=\"rank-math-html-sitemap__item\"><a href=\"https:\/\/fundacionoceanografic.org\/en\/calendar\/beach-cleanup-and-release-of-a-sea-turtle\/\" class=\"rank-math-html-sitemap__link\">Beach Cleanup and Release of a Sea Turtle<\/a> <span class=\"rank-math-html-sitemap__date\">(3 de September de 2025)<\/span><\/li><li class=\"rank-math-html-sitemap__item\"><a href=\"https:\/\/fundacionoceanografic.org\/en\/calendar\/release-of-hatchlings-in-benidorm\/\" class=\"rank-math-html-sitemap__link\">Release of Hatchlings in Benidorm<\/a> <span class=\"rank-math-html-sitemap__date\">(1 de September de 2025)<\/span><\/li><li class=\"rank-math-html-sitemap__item\"><a href=\"https:\/\/fundacionoceanografic.org\/en\/calendar\/release-of-newborn-sea-turtles-in-torrevieja\/\" class=\"rank-math-html-sitemap__link\">Release of Newborn Sea Turtles in Torrevieja<\/a> <span class=\"rank-math-html-sitemap__date\">(1 de September de 2025)<\/span><\/li><li class=\"rank-math-html-sitemap__item\"><a href=\"https:\/\/fundacionoceanografic.org\/en\/calendar\/european-researchers-night\/\" class=\"rank-math-html-sitemap__link\">European Researchers&#039; Night<\/a> <span class=\"rank-math-html-sitemap__date\">(1 de September de 2025)<\/span><\/li><li class=\"rank-math-html-sitemap__item\"><a href=\"https:\/\/fundacionoceanografic.org\/en\/calendar\/teachers-conference\/\" class=\"rank-math-html-sitemap__link\">Teacher&#039;s Conference<\/a> <span class=\"rank-math-html-sitemap__date\">(1 de September de 2025)<\/span><\/li><li class=\"rank-math-html-sitemap__item\"><a href=\"https:\/\/fundacionoceanografic.org\/en\/calendar\/educational-voyage-aboard-the-tirant-i-schooner\/\" class=\"rank-math-html-sitemap__link\">Educational Voyage Aboard the Tirant I Schooner<\/a> <span class=\"rank-math-html-sitemap__date\">(31 de July de 2025)<\/span><\/li><li class=\"rank-math-html-sitemap__item\"><a href=\"https:\/\/fundacionoceanografic.org\/en\/calendar\/v-blue-planet-voyage-aboard-the-cervantes-saavedra-training-ship\/\" class=\"rank-math-html-sitemap__link\">V Blue Planet Voyage Aboard the Cervantes Saavedra Training Ship<\/a> <span class=\"rank-math-html-sitemap__date\">(31 de July de 2025)<\/span><\/li><li class=\"rank-math-html-sitemap__item\"><a href=\"https:\/\/fundacionoceanografic.org\/en\/calendar\/recording-of-the-podcast-somos-imparables\/\" class=\"rank-math-html-sitemap__link\">Recording of the Podcast &quot;Somos Imparables&quot;<\/a> <span class=\"rank-math-html-sitemap__date\">(1 de July de 2025)<\/span><\/li><li class=\"rank-math-html-sitemap__item\"><a href=\"https:\/\/fundacionoceanografic.org\/en\/calendar\/semi-annual-volunteer-meeting\/\" class=\"rank-math-html-sitemap__link\">Semi-annual Volunteer Meeting<\/a> <span class=\"rank-math-html-sitemap__date\">(1 de July de 2025)<\/span><\/li><li class=\"rank-math-html-sitemap__item\"><a href=\"https:\/\/fundacionoceanografic.org\/en\/calendar\/turtle-release-next-to-novotel\/\" class=\"rank-math-html-sitemap__link\">Turtle Release Next to Novotel<\/a> <span class=\"rank-math-html-sitemap__date\">(1 de July de 2025)<\/span><\/li><li class=\"rank-math-html-sitemap__item\"><a href=\"https:\/\/fundacionoceanografic.org\/en\/calendar\/visit-from-the-ferran-torres-summer-camp\/\" class=\"rank-math-html-sitemap__link\">Visit from the Ferran Torres Summer Camp<\/a> <span class=\"rank-math-html-sitemap__date\">(1 de July de 2025)<\/span><\/li><li class=\"rank-math-html-sitemap__item\"><a href=\"https:\/\/fundacionoceanografic.org\/en\/calendar\/launch-of-the-turtles-in-the-mediterranean-campaign\/\" class=\"rank-math-html-sitemap__link\">Launch of the Turtles in the Mediterranean Campaign<\/a> <span class=\"rank-math-html-sitemap__date\">(3 de June de 2025)<\/span><\/li><li class=\"rank-math-html-sitemap__item\"><a href=\"https:\/\/fundacionoceanografic.org\/en\/calendar\/proa-oceanografic-summer-school\/\" class=\"rank-math-html-sitemap__link\">PROA. Oceanogr\u00e0fic Summer School<\/a> <span class=\"rank-math-html-sitemap__date\">(3 de June de 2025)<\/span><\/li><li class=\"rank-math-html-sitemap__item\"><a href=\"https:\/\/fundacionoceanografic.org\/en\/calendar\/oceanografic-summer-school-teenagers\/\" class=\"rank-math-html-sitemap__link\">Oceanogr\u00e0fic Summer School: Teenagers<\/a> <span class=\"rank-math-html-sitemap__date\">(29 de May de 2025)<\/span><\/li><li class=\"rank-math-html-sitemap__item\"><a href=\"https:\/\/fundacionoceanografic.org\/en\/calendar\/proa-oceanografic-summer-school-2\/\" class=\"rank-math-html-sitemap__link\">PROA. Oceanogr\u00e0fic Summer School<\/a> <span class=\"rank-math-html-sitemap__date\">(29 de May de 2025)<\/span><\/li><li class=\"rank-math-html-sitemap__item\"><a href=\"https:\/\/fundacionoceanografic.org\/en\/calendar\/teachers-conference-2\/\" class=\"rank-math-html-sitemap__link\">Teacher&#039;s Conference<\/a> <span class=\"rank-math-html-sitemap__date\">(28 de May de 2025)<\/span><\/li><li class=\"rank-math-html-sitemap__item\"><a href=\"https:\/\/fundacionoceanografic.org\/en\/calendar\/solidarity-day-at-the-oceanografic\/\" class=\"rank-math-html-sitemap__link\">Solidarity Day at the Oceanogr\u00e0fic<\/a> <span class=\"rank-math-html-sitemap__date\">(28 de May de 2025)<\/span><\/li><li class=\"rank-math-html-sitemap__item\"><a href=\"https:\/\/fundacionoceanografic.org\/en\/calendar\/release-of-freshwater-species\/\" class=\"rank-math-html-sitemap__link\">Release of Freshwater Species<\/a> <span class=\"rank-math-html-sitemap__date\">(28 de May de 2025)<\/span><\/li><li class=\"rank-math-html-sitemap__item\"><a href=\"https:\/\/fundacionoceanografic.org\/en\/calendar\/sea-turtle-release-2\/\" class=\"rank-math-html-sitemap__link\">Sea Turtle Release<\/a> <span class=\"rank-math-html-sitemap__date\">(28 de May de 2025)<\/span><\/li><li class=\"rank-math-html-sitemap__item\"><a href=\"https:\/\/fundacionoceanografic.org\/en\/calendar\/release-of-newborn-sea-turtles\/\" class=\"rank-math-html-sitemap__link\">Release of Newborn Sea Turtles<\/a> <span class=\"rank-math-html-sitemap__date\">(28 de May de 2025)<\/span><\/li><li class=\"rank-math-html-sitemap__item\"><a href=\"https:\/\/fundacionoceanografic.org\/en\/calendar\/release-of-iberian-ribbed-newts\/\" class=\"rank-math-html-sitemap__link\">Release of Iberian Ribbed Newts<\/a> <span class=\"rank-math-html-sitemap__date\">(28 de May de 2025)<\/span><\/li><li class=\"rank-math-html-sitemap__item\"><a href=\"https:\/\/fundacionoceanografic.org\/en\/calendar\/release-of-newborn-sea-turtles-2\/\" class=\"rank-math-html-sitemap__link\">Release of Newborn Sea Turtles<\/a> <span class=\"rank-math-html-sitemap__date\">(28 de May de 2025)<\/span><\/li><li class=\"rank-math-html-sitemap__item\"><a href=\"https:\/\/fundacionoceanografic.org\/en\/calendar\/release-of-a-sea-turtle-recovered-at-the-arca-del-mar\/\" class=\"rank-math-html-sitemap__link\">Release of a Sea Turtle Recovered at the ARCA Del Mar<\/a> <span class=\"rank-math-html-sitemap__date\">(28 de May de 2025)<\/span><\/li><li class=\"rank-math-html-sitemap__item\"><a href=\"https:\/\/fundacionoceanografic.org\/en\/calendar\/turtle-release-with-sea-plastics\/\" class=\"rank-math-html-sitemap__link\">Turtle Release with SEA Plastics<\/a> <span class=\"rank-math-html-sitemap__date\">(14 de May de 2025)<\/span><\/li><li class=\"rank-math-html-sitemap__item\"><a href=\"https:\/\/fundacionoceanografic.org\/en\/calendar\/the-oceanografic-travels-to-hospitals\/\" class=\"rank-math-html-sitemap__link\">The Oceanogr\u00e0fic Travels to Hospitals<\/a> <span class=\"rank-math-html-sitemap__date\">(30 de April de 2025)<\/span><\/li><li class=\"rank-math-html-sitemap__item\"><a href=\"https:\/\/fundacionoceanografic.org\/en\/calendar\/visit-meet-the-oceanografic-foundation\/\" class=\"rank-math-html-sitemap__link\">Visit &#039;Meet the Oceanogr\u00e0fic Foundation&#039;<\/a> <span class=\"rank-math-html-sitemap__date\">(30 de April de 2025)<\/span><\/li><li class=\"rank-math-html-sitemap__item\"><a href=\"https:\/\/fundacionoceanografic.org\/en\/calendar\/scientific-bird-ringing\/\" class=\"rank-math-html-sitemap__link\">Scientific Bird Ringing<\/a> <span class=\"rank-math-html-sitemap__date\">(30 de April de 2025)<\/span><\/li><li class=\"rank-math-html-sitemap__item\"><a href=\"https:\/\/fundacionoceanografic.org\/en\/calendar\/the-environmental-education-center-of-the-valencian-community-learns-about-the-oceanografic-foundation\/\" class=\"rank-math-html-sitemap__link\">The Environmental Education Center of the Valencian Community Learns about the Oceanogr\u00e0fic Foundation<\/a> <span class=\"rank-math-html-sitemap__date\">(30 de April de 2025)<\/span><\/li><li class=\"rank-math-html-sitemap__item\"><a href=\"https:\/\/fundacionoceanografic.org\/en\/calendar\/seas-with-purpose-4\/\" class=\"rank-math-html-sitemap__link\">Seas with Purpose<\/a> <span class=\"rank-math-html-sitemap__date\">(30 de April de 2025)<\/span><\/li><li class=\"rank-math-html-sitemap__item\"><a href=\"https:\/\/fundacionoceanografic.org\/en\/calendar\/seas-with-purpose-3\/\" class=\"rank-math-html-sitemap__link\">Seas with Purpose<\/a> <span class=\"rank-math-html-sitemap__date\">(30 de April de 2025)<\/span><\/li><li class=\"rank-math-html-sitemap__item\"><a href=\"https:\/\/fundacionoceanografic.org\/en\/calendar\/scientific-bird-ringing-3\/\" class=\"rank-math-html-sitemap__link\">Scientific Bird Ringing<\/a> <span class=\"rank-math-html-sitemap__date\">(30 de April de 2025)<\/span><\/li><li class=\"rank-math-html-sitemap__item\"><a href=\"https:\/\/fundacionoceanografic.org\/en\/calendar\/turtle-release-and-beach-cleanup\/\" class=\"rank-math-html-sitemap__link\">Turtle Release and Beach Cleanup<\/a> <span class=\"rank-math-html-sitemap__date\">(11 de April de 2025)<\/span><\/li><li class=\"rank-math-html-sitemap__item\"><a href=\"https:\/\/fundacionoceanografic.org\/en\/calendar\/release-of-a-turtle-recovered-at-the-arca-del-mar\/\" class=\"rank-math-html-sitemap__link\">Release of a Turtle Recovered at the ARCA Del Mar<\/a> <span class=\"rank-math-html-sitemap__date\">(11 de April de 2025)<\/span><\/li><li class=\"rank-math-html-sitemap__item\"><a href=\"https:\/\/fundacionoceanografic.org\/en\/calendar\/jury-at-vila-ciencia-competition-for-young-researchers\/\" class=\"rank-math-html-sitemap__link\">Jury at Vila-Ciencia. Competition for young researchers<\/a> <span class=\"rank-math-html-sitemap__date\">(8 de April de 2025)<\/span><\/li><li class=\"rank-math-html-sitemap__item\"><a href=\"https:\/\/fundacionoceanografic.org\/en\/calendar\/the-oceanografic-foundation-goes-to-hospitals\/\" class=\"rank-math-html-sitemap__link\">The Oceanogr\u00e0fic Foundation Goes to Hospitals<\/a> <span class=\"rank-math-html-sitemap__date\">(8 de April de 2025)<\/span><\/li><li class=\"rank-math-html-sitemap__item\"><a href=\"https:\/\/fundacionoceanografic.org\/en\/calendar\/iii-marine-awareness-day-the-sea-that-unites-us\/\" class=\"rank-math-html-sitemap__link\">III Marine Awareness Day \u2013 the Sea that Unites Us<\/a> <span class=\"rank-math-html-sitemap__date\">(8 de April de 2025)<\/span><\/li><li class=\"rank-math-html-sitemap__item\"><a href=\"https:\/\/fundacionoceanografic.org\/en\/calendar\/school-environmental-fair\/\" class=\"rank-math-html-sitemap__link\">School Environmental Fair<\/a> <span class=\"rank-math-html-sitemap__date\">(7 de April de 2025)<\/span><\/li><li class=\"rank-math-html-sitemap__item\"><a href=\"https:\/\/fundacionoceanografic.org\/en\/calendar\/seas-with-purpose-5\/\" class=\"rank-math-html-sitemap__link\">Seas with Purpose<\/a> <span class=\"rank-math-html-sitemap__date\">(7 de April de 2025)<\/span><\/li><li class=\"rank-math-html-sitemap__item\"><a href=\"https:\/\/fundacionoceanografic.org\/en\/calendar\/tide-of-change-scientific-dialogue-series-2\/\" class=\"rank-math-html-sitemap__link\">Tide of Change. Scientific Dialogue Series<\/a> <span class=\"rank-math-html-sitemap__date\">(27 de March de 2025)<\/span><\/li><li class=\"rank-math-html-sitemap__item\"><a href=\"https:\/\/fundacionoceanografic.org\/en\/calendar\/guided-tour-with-kiss-fm\/\" class=\"rank-math-html-sitemap__link\">Guided Tour with Kiss FM<\/a> <span class=\"rank-math-html-sitemap__date\">(26 de March de 2025)<\/span><\/li><li class=\"rank-math-html-sitemap__item\"><a href=\"https:\/\/fundacionoceanografic.org\/en\/calendar\/pedal-for-the-planet\/\" class=\"rank-math-html-sitemap__link\">Pedal for the Planet<\/a> <span class=\"rank-math-html-sitemap__date\">(26 de March de 2025)<\/span><\/li><li class=\"rank-math-html-sitemap__item\"><a href=\"https:\/\/fundacionoceanografic.org\/en\/calendar\/sea-turtle-release\/\" class=\"rank-math-html-sitemap__link\">Sea Turtle Release<\/a> <span class=\"rank-math-html-sitemap__date\">(26 de March de 2025)<\/span><\/li><li class=\"rank-math-html-sitemap__item\"><a href=\"https:\/\/fundacionoceanografic.org\/en\/calendar\/seas-with-purpose-2\/\" class=\"rank-math-html-sitemap__link\">Seas with Purpose<\/a> <span class=\"rank-math-html-sitemap__date\">(26 de March de 2025)<\/span><\/li><li class=\"rank-math-html-sitemap__item\"><a href=\"https:\/\/fundacionoceanografic.org\/en\/calendar\/seas-with-purpose\/\" class=\"rank-math-html-sitemap__link\">Seas with Purpose<\/a> <span class=\"rank-math-html-sitemap__date\">(26 de March de 2025)<\/span><\/li><li class=\"rank-math-html-sitemap__item\"><a href=\"https:\/\/fundacionoceanografic.org\/en\/calendar\/volunteer-welcome-day\/\" class=\"rank-math-html-sitemap__link\">Volunteer Welcome Day<\/a> <span class=\"rank-math-html-sitemap__date\">(5 de March de 2025)<\/span><\/li><li class=\"rank-math-html-sitemap__item\"><a href=\"https:\/\/fundacionoceanografic.org\/en\/calendar\/we-celebrate-world-water-day\/\" class=\"rank-math-html-sitemap__link\">We Celebrate World Water Day<\/a> <span class=\"rank-math-html-sitemap__date\">(5 de March de 2025)<\/span><\/li><li class=\"rank-math-html-sitemap__item\"><a href=\"https:\/\/fundacionoceanografic.org\/en\/calendar\/dialogue-table-education-as-a-transformative-tool-for-change\/\" class=\"rank-math-html-sitemap__link\">Dialogue Table: Education as a Transformative Tool for Change<\/a> <span class=\"rank-math-html-sitemap__date\">(3 de March de 2025)<\/span><\/li><li class=\"rank-math-html-sitemap__item\"><a href=\"https:\/\/fundacionoceanografic.org\/en\/calendar\/dialogue-table-two-way-dialogue-the-price-of-the-planet\/\" class=\"rank-math-html-sitemap__link\">Dialogue Table - &#039;Two-way Dialogue: the Price of the Planet&#039;<\/a> <span class=\"rank-math-html-sitemap__date\">(3 de March de 2025)<\/span><\/li><li class=\"rank-math-html-sitemap__item\"><a href=\"https:\/\/fundacionoceanografic.org\/en\/calendar\/inaugural-talk-climate-change-understanding-the-present-to-take-care-of-the-future\/\" class=\"rank-math-html-sitemap__link\">INAUGURAL TALK &#039;Climate Change: Understanding the Present to Take Care of the Future&#039;<\/a> <span class=\"rank-math-html-sitemap__date\">(3 de March de 2025)<\/span><\/li><li class=\"rank-math-html-sitemap__item\"><a href=\"https:\/\/fundacionoceanografic.org\/en\/calendar\/debate-responsible-bubbles-good-practices-underwater\/\" class=\"rank-math-html-sitemap__link\">Debate - Responsible Bubbles. Good practices underwater.<\/a> <span class=\"rank-math-html-sitemap__date\">(3 de March de 2025)<\/span><\/li><li class=\"rank-math-html-sitemap__item\"><a href=\"https:\/\/fundacionoceanografic.org\/en\/calendar\/dialogue-table-the-posidonia-oceanica-meadows-past-present-and-future\/\" class=\"rank-math-html-sitemap__link\">Dialogue Table - the Posidonia Oceanica Meadows: past, Present, and Future<\/a> <span class=\"rank-math-html-sitemap__date\">(3 de March de 2025)<\/span><\/li><li class=\"rank-math-html-sitemap__item\"><a href=\"https:\/\/fundacionoceanografic.org\/en\/calendar\/dialogue-table-conservation-of-critically-endangered-sharks-the-case-of-the-angelshark\/\" class=\"rank-math-html-sitemap__link\">Dialogue Table - Conservation of Critically Endangered Sharks: the Case of the Angelshark.<\/a> <span class=\"rank-math-html-sitemap__date\">(3 de March de 2025)<\/span><\/li><li class=\"rank-math-html-sitemap__item\"><a href=\"https:\/\/fundacionoceanografic.org\/en\/calendar\/dialogue-table-restoring-deep-sea-marine-habitats-in-the-mediterranean-challenges-and-opportunities-for-cooperation\/\" class=\"rank-math-html-sitemap__link\">Dialogue Table - Restoring Deep-Sea Marine Habitats in the Mediterranean: Challenges and Opportunities for Cooperation.<\/a> <span class=\"rank-math-html-sitemap__date\">(3 de March de 2025)<\/span><\/li><li class=\"rank-math-html-sitemap__item\"><a href=\"https:\/\/fundacionoceanografic.org\/en\/calendar\/interpretive-cycling-route-through-la-albufera\/\" class=\"rank-math-html-sitemap__link\">Interpretive Cycling Route through La Albufera<\/a> <span class=\"rank-math-html-sitemap__date\">(24 de February de 2025)<\/span><\/li><li class=\"rank-math-html-sitemap__item\"><a href=\"https:\/\/fundacionoceanografic.org\/en\/calendar\/beach-cleanup-with-the-french-lyceum-2\/\" class=\"rank-math-html-sitemap__link\">Beach Cleanup with the French Lyceum<\/a> <span class=\"rank-math-html-sitemap__date\">(18 de February de 2025)<\/span><\/li><li class=\"rank-math-html-sitemap__item\"><a href=\"https:\/\/fundacionoceanografic.org\/en\/calendar\/beach-cleanup-with-the-french-lyceum\/\" class=\"rank-math-html-sitemap__link\">Beach Cleanup with the French Lyceum<\/a> <span class=\"rank-math-html-sitemap__date\">(18 de February de 2025)<\/span><\/li><li class=\"rank-math-html-sitemap__item\"><a href=\"https:\/\/fundacionoceanografic.org\/en\/calendar\/turtle-release-with-staff-from-the-oceanografic-and-the-ciutat-de-les-arts-i-les-ciencies\/\" class=\"rank-math-html-sitemap__link\">Turtle Release with Staff from the Oceanogr\u00e0fic and the Ciutat De Les Arts I Les Ci\u00e8ncies<\/a> <span class=\"rank-math-html-sitemap__date\">(29 de January de 2025)<\/span><\/li><li class=\"rank-math-html-sitemap__item\"><a href=\"https:\/\/fundacionoceanografic.org\/en\/calendar\/turtle-release-with-ceip-cabanyal\/\" class=\"rank-math-html-sitemap__link\">Turtle Release with CEIP Cabanyal<\/a> <span class=\"rank-math-html-sitemap__date\">(28 de January de 2025)<\/span><\/li><li class=\"rank-math-html-sitemap__item\"><a href=\"https:\/\/fundacionoceanografic.org\/en\/calendar\/bird-ringing-with-ceip-virgen-del-rosario\/\" class=\"rank-math-html-sitemap__link\">Bird Ringing with CEIP Virgen Del Rosario<\/a> <span class=\"rank-math-html-sitemap__date\">(28 de January de 2025)<\/span><\/li><li class=\"rank-math-html-sitemap__item\"><a href=\"https:\/\/fundacionoceanografic.org\/en\/calendar\/turtle-release-with-ceip-pinedo\/\" class=\"rank-math-html-sitemap__link\">Turtle Release with CEIP Pinedo<\/a> <span class=\"rank-math-html-sitemap__date\">(28 de January de 2025)<\/span><\/li><li class=\"rank-math-html-sitemap__item\"><a href=\"https:\/\/fundacionoceanografic.org\/en\/calendar\/celebrating-the-international-day-of-women-and-girls-in-science\/\" class=\"rank-math-html-sitemap__link\">Celebrating the International Day of Women and Girls in Science<\/a> <span class=\"rank-math-html-sitemap__date\">(28 de January de 2025)<\/span><\/li><li class=\"rank-math-html-sitemap__item\"><a href=\"https:\/\/fundacionoceanografic.org\/en\/calendar\/turtle-release-with-the-benimaclet-municipal-school\/\" class=\"rank-math-html-sitemap__link\">Turtle Release with the Benimaclet Municipal School<\/a> <span class=\"rank-math-html-sitemap__date\">(28 de January de 2025)<\/span><\/li><li class=\"rank-math-html-sitemap__item\"><a href=\"https:\/\/fundacionoceanografic.org\/en\/calendar\/ghost-net-screening\/\" class=\"rank-math-html-sitemap__link\">Ghost Net Screening<\/a> <span class=\"rank-math-html-sitemap__date\">(18 de January de 2025)<\/span><\/li><li class=\"rank-math-html-sitemap__item\"><a href=\"https:\/\/fundacionoceanografic.org\/en\/calendar\/turtle-release-with-inclusive-volunteering-for-environmental-education-day\/\" class=\"rank-math-html-sitemap__link\">Turtle Release with Inclusive Volunteering for Environmental Education Day<\/a> <span class=\"rank-math-html-sitemap__date\">(18 de January de 2025)<\/span><\/li><li class=\"rank-math-html-sitemap__item\"><a href=\"https:\/\/fundacionoceanografic.org\/en\/calendar\/turtle-release-next-to-ceip-tuejar\/\" class=\"rank-math-html-sitemap__link\">Turtle Release Next to CEIP Tu\u00e9jar<\/a> <span class=\"rank-math-html-sitemap__date\">(18 de January de 2025)<\/span><\/li><li class=\"rank-math-html-sitemap__item\"><a href=\"https:\/\/fundacionoceanografic.org\/en\/calendar\/environmental-volunteering-cleanup-in-parc-natural-de-lalbufera-3\/\" class=\"rank-math-html-sitemap__link\">Environmental Volunteering \u2013 Cleanup in Parc Natural De L\u2019Albufera<\/a> <span class=\"rank-math-html-sitemap__date\">(10 de December de 2024)<\/span><\/li><li class=\"rank-math-html-sitemap__item\"><a href=\"https:\/\/fundacionoceanografic.org\/en\/calendar\/ghost-net-screening-2\/\" class=\"rank-math-html-sitemap__link\">Ghost Net Screening<\/a> <span class=\"rank-math-html-sitemap__date\">(10 de December de 2024)<\/span><\/li><li class=\"rank-math-html-sitemap__item\"><a href=\"https:\/\/fundacionoceanografic.org\/en\/calendar\/turtle-release-next-to-the-ceip-mare-de-deu-del-pilar\/\" class=\"rank-math-html-sitemap__link\">Turtle Release Next to the CEIP Mare De Deu Del Pilar<\/a> <span class=\"rank-math-html-sitemap__date\">(27 de November de 2024)<\/span><\/li><li class=\"rank-math-html-sitemap__item\"><a href=\"https:\/\/fundacionoceanografic.org\/en\/calendar\/environmental-volunteering-cleanup-in-parc-natural-de-lalbufera\/\" class=\"rank-math-html-sitemap__link\">Environmental Volunteering \u2013 Cleanup in Parc Natural De L\u2019Albufera<\/a> <span class=\"rank-math-html-sitemap__date\">(27 de November de 2024)<\/span><\/li><li class=\"rank-math-html-sitemap__item\"><a href=\"https:\/\/fundacionoceanografic.org\/en\/calendar\/environmental-volunteering-cleanup-in-parc-natural-de-lalbufera-2\/\" class=\"rank-math-html-sitemap__link\">Environmental Volunteering \u2013 Cleanup in Parc Natural De L\u2019Albufera<\/a> <span class=\"rank-math-html-sitemap__date\">(27 de November de 2024)<\/span><\/li><li class=\"rank-math-html-sitemap__item\"><a href=\"https:\/\/fundacionoceanografic.org\/en\/calendar\/environmental-volunteering-cleanup-at-parc-natural-de-lalbufera\/\" class=\"rank-math-html-sitemap__link\">Environmental Volunteering - Cleanup at Parc Natural De l&#039;Albufera<\/a> <span class=\"rank-math-html-sitemap__date\">(27 de November de 2024)<\/span><\/li><li class=\"rank-math-html-sitemap__item\"><a href=\"https:\/\/fundacionoceanografic.org\/en\/calendar\/turtle-release-with-ceip-campanar\/\" class=\"rank-math-html-sitemap__link\">Turtle Release with CEIP Campanar<\/a> <span class=\"rank-math-html-sitemap__date\">(27 de November de 2024)<\/span><\/li><li class=\"rank-math-html-sitemap__item\"><a href=\"https:\/\/fundacionoceanografic.org\/en\/calendar\/collaboration-with-the-catholic-university-of-valencia-masterclass\/\" class=\"rank-math-html-sitemap__link\">Collaboration with the Catholic University of Valencia - Masterclass<\/a> <span class=\"rank-math-html-sitemap__date\">(26 de November de 2024)<\/span><\/li><li class=\"rank-math-html-sitemap__item\"><a href=\"https:\/\/fundacionoceanografic.org\/en\/calendar\/beach-cleanup-with-santiago-apostol-school\/\" class=\"rank-math-html-sitemap__link\">Beach Cleanup with Santiago Ap\u00f3stol School<\/a> <span class=\"rank-math-html-sitemap__date\">(19 de November de 2024)<\/span><\/li><li class=\"rank-math-html-sitemap__item\"><a href=\"https:\/\/fundacionoceanografic.org\/en\/calendar\/beach-cleanup-with-ceip-anna-lluch\/\" class=\"rank-math-html-sitemap__link\">Beach Cleanup with CEIP Anna Lluch<\/a> <span class=\"rank-math-html-sitemap__date\">(19 de November de 2024)<\/span><\/li><\/ul><\/div><div class=\"rank-math-html-sitemap__section rank-math-html-sitemap__section--post-type rank-math-html-sitemap__section--empresas\"><h2 id=\"i4\" class=\"rank-math-html-sitemap__title\">Empresas<\/h2><ul class=\"rank-math-html-sitemap__list\"><li class=\"rank-math-html-sitemap__item\"><a href=\"https:\/\/fundacionoceanografic.org\/en\/sponsorships-and-companies\/proyecto-petxinot\/\" class=\"rank-math-html-sitemap__link\">Proyecto Petxinot<\/a> <span class=\"rank-math-html-sitemap__date\">(8 de April de 2026)<\/span><\/li><li class=\"rank-math-html-sitemap__item\"><a href=\"https:\/\/fundacionoceanografic.org\/en\/sponsorships-and-companies\/paradores-de-turismo\/\" class=\"rank-math-html-sitemap__link\">Paradores De Turismo<\/a> <span class=\"rank-math-html-sitemap__date\">(3 de December de 2024)<\/span><\/li><li class=\"rank-math-html-sitemap__item\"><a href=\"https:\/\/fundacionoceanografic.org\/en\/sponsorships-and-companies\/frosch\/\" class=\"rank-math-html-sitemap__link\">Frosch<\/a> <span class=\"rank-math-html-sitemap__date\">(18 de November de 2024)<\/span><\/li><li class=\"rank-math-html-sitemap__item\"><a href=\"https:\/\/fundacionoceanografic.org\/en\/sponsorships-and-companies\/agrado-cosmetic\/\" class=\"rank-math-html-sitemap__link\">Agrado Cosmetic<\/a> <span class=\"rank-math-html-sitemap__date\">(18 de November de 2024)<\/span><\/li><li class=\"rank-math-html-sitemap__item\"><a href=\"https:\/\/fundacionoceanografic.org\/en\/sponsorships-and-companies\/caixa-popular\/\" class=\"rank-math-html-sitemap__link\">Caixa Popular<\/a> <span class=\"rank-math-html-sitemap__date\">(4 de March de 2024)<\/span><\/li><li class=\"rank-math-html-sitemap__item\"><a href=\"https:\/\/fundacionoceanografic.org\/en\/sponsorships-and-companies\/banca-march\/\" class=\"rank-math-html-sitemap__link\">Banca March<\/a> <span class=\"rank-math-html-sitemap__date\">(4 de March de 2024)<\/span><\/li><\/ul><\/div><div class=\"rank-math-html-sitemap__section rank-math-html-sitemap__section--post-type rank-math-html-sitemap__section--programas\"><h2 id=\"i5\" class=\"rank-math-html-sitemap__title\">Programas<\/h2><ul class=\"rank-math-html-sitemap__list\"><li class=\"rank-math-html-sitemap__item\"><a href=\"https:\/\/fundacionoceanografic.org\/en\/programs\/tide-of-change-cycle-of-scientific-dialogues\/\" class=\"rank-math-html-sitemap__link\">Tide of Change. Scientific Dialogue Series<\/a> <span class=\"rank-math-html-sitemap__date\">(27 de March de 2025)<\/span><\/li><li class=\"rank-math-html-sitemap__item\"><a href=\"https:\/\/fundacionoceanografic.org\/en\/programs\/educational-projects-and-resources\/\" class=\"rank-math-html-sitemap__link\">Educational Projects and Resources<\/a> <span class=\"rank-math-html-sitemap__date\">(28 de October de 2024)<\/span><\/li><li class=\"rank-math-html-sitemap__item\"><a href=\"https:\/\/fundacionoceanografic.org\/en\/programs\/vulnerable-groups\/\" class=\"rank-math-html-sitemap__link\">Vulnerable Groups<\/a> <span class=\"rank-math-html-sitemap__date\">(24 de October de 2024)<\/span><\/li><li class=\"rank-math-html-sitemap__item\"><a href=\"https:\/\/fundacionoceanografic.org\/en\/programs\/scientific-outreach\/\" class=\"rank-math-html-sitemap__link\">Scientific Outreach<\/a> <span class=\"rank-math-html-sitemap__date\">(23 de October de 2024)<\/span><\/li><li class=\"rank-math-html-sitemap__item\"><a href=\"https:\/\/fundacionoceanografic.org\/en\/programs\/environmental-volunteering\/\" class=\"rank-math-html-sitemap__link\">Environmental Volunteering<\/a> <span class=\"rank-math-html-sitemap__date\">(4 de March de 2024)<\/span><\/li><li class=\"rank-math-html-sitemap__item\"><a href=\"https:\/\/fundacionoceanografic.org\/en\/programs\/awareness-and-direct-action-activities\/\" class=\"rank-math-html-sitemap__link\">Awareness and Direct Action Activities<\/a> <span class=\"rank-math-html-sitemap__date\">(4 de March de 2024)<\/span><\/li><li class=\"rank-math-html-sitemap__item\"><a href=\"https:\/\/fundacionoceanografic.org\/en\/programs\/biodiversity-and-society\/\" class=\"rank-math-html-sitemap__link\">Biodiversity and Society<\/a> <span class=\"rank-math-html-sitemap__date\">(4 de March de 2024)<\/span><\/li><li class=\"rank-math-html-sitemap__item\"><a href=\"https:\/\/fundacionoceanografic.org\/en\/programs\/animal-welfare\/\" class=\"rank-math-html-sitemap__link\">Animal Welfare<\/a> <span class=\"rank-math-html-sitemap__date\">(4 de March de 2024)<\/span><\/li><li class=\"rank-math-html-sitemap__item\"><a href=\"https:\/\/fundacionoceanografic.org\/en\/programs\/environmental-monitoring-and-restoration\/\" class=\"rank-math-html-sitemap__link\">Environmental Monitoring and Restoration<\/a> <span class=\"rank-math-html-sitemap__date\">(4 de March de 2024)<\/span><\/li><li class=\"rank-math-html-sitemap__item\"><a href=\"https:\/\/fundacionoceanografic.org\/en\/programs\/research-in-marine-health\/\" class=\"rank-math-html-sitemap__link\">Research in Marine Health<\/a> <span class=\"rank-math-html-sitemap__date\">(4 de March de 2024)<\/span><\/li><li class=\"rank-math-html-sitemap__item\"><a href=\"https:\/\/fundacionoceanografic.org\/en\/programs\/physiology-of-marine-vertebrates\/\" class=\"rank-math-html-sitemap__link\">Physiology of Marine Vertebrates<\/a> <span class=\"rank-math-html-sitemap__date\">(1 de March de 2024)<\/span><\/li><li class=\"rank-math-html-sitemap__item\"><a href=\"https:\/\/fundacionoceanografic.org\/en\/programs\/generating-a-forum-for-discussion-and-knowledge-for-conservation\/\" class=\"rank-math-html-sitemap__link\">Generating a Forum for Discussion and Knowledge for Conservation<\/a> <span class=\"rank-math-html-sitemap__date\">(1 de March de 2024)<\/span><\/li><li class=\"rank-math-html-sitemap__item\"><a href=\"https:\/\/fundacionoceanografic.org\/en\/programs\/oceanografic-sustainability\/\" class=\"rank-math-html-sitemap__link\">Oceanogr\u00e0fic Sustainability<\/a> <span class=\"rank-math-html-sitemap__date\">(1 de March de 2024)<\/span><\/li><li class=\"rank-math-html-sitemap__item\"><a href=\"https:\/\/fundacionoceanografic.org\/en\/programs\/professional-training-and-knowledge-transfer\/\" class=\"rank-math-html-sitemap__link\">Professional Training and Knowledge Transfer<\/a> <span class=\"rank-math-html-sitemap__date\">(1 de March de 2024)<\/span><\/li><li class=\"rank-math-html-sitemap__item\"><a href=\"https:\/\/fundacionoceanografic.org\/en\/programs\/habitat-restoration\/\" class=\"rank-math-html-sitemap__link\">Habitat Restoration<\/a> <span class=\"rank-math-html-sitemap__date\">(1 de March de 2024)<\/span><\/li><li class=\"rank-math-html-sitemap__item\"><a href=\"https:\/\/fundacionoceanografic.org\/en\/programs\/monitoring-and-tracking-of-habitats\/\" class=\"rank-math-html-sitemap__link\">Monitoring and Tracking of Habitats<\/a> <span class=\"rank-math-html-sitemap__date\">(1 de March de 2024)<\/span><\/li><li class=\"rank-math-html-sitemap__item\"><a href=\"https:\/\/fundacionoceanografic.org\/en\/programs\/reinforcement-of-endangered-species-for-reintroduction\/\" class=\"rank-math-html-sitemap__link\">Reinforcement of Endangered Species for Reintroduction<\/a> <span class=\"rank-math-html-sitemap__date\">(1 de March de 2024)<\/span><\/li><li class=\"rank-math-html-sitemap__item\"><a href=\"https:\/\/fundacionoceanografic.org\/en\/programs\/marine-fauna-recovery-center\/\" class=\"rank-math-html-sitemap__link\">Marine Fauna Recovery Center<\/a> <span class=\"rank-math-html-sitemap__date\">(1 de March de 2024)<\/span><\/li><\/ul><\/div><div class=\"rank-math-html-sitemap__section rank-math-html-sitemap__section--post-type rank-math-html-sitemap__section--servicios-ambientale\"><h2 id=\"i6\" class=\"rank-math-html-sitemap__title\">Servicios ambientales<\/h2><ul class=\"rank-math-html-sitemap__list\"><li class=\"rank-math-html-sitemap__item\"><a href=\"https:\/\/fundacionoceanografic.org\/en\/environmental-services\/tailored-services\/\" class=\"rank-math-html-sitemap__link\">Tailored Services<\/a> <span class=\"rank-math-html-sitemap__date\">(4 de March de 2024)<\/span><\/li><li class=\"rank-math-html-sitemap__item\"><a href=\"https:\/\/fundacionoceanografic.org\/en\/environmental-services\/technical-and-informative-talks\/\" class=\"rank-math-html-sitemap__link\">Technical and Informative Talks<\/a> <span class=\"rank-math-html-sitemap__date\">(4 de March de 2024)<\/span><\/li><li class=\"rank-math-html-sitemap__item\"><a href=\"https:\/\/fundacionoceanografic.org\/en\/environmental-services\/awareness-workshops\/\" class=\"rank-math-html-sitemap__link\">Awareness Workshops<\/a> <span class=\"rank-math-html-sitemap__date\">(4 de March de 2024)<\/span><\/li><li class=\"rank-math-html-sitemap__item\"><a href=\"https:\/\/fundacionoceanografic.org\/en\/environmental-services\/interpretive-itinerary-through-lalbufera-de-valencia\/\" class=\"rank-math-html-sitemap__link\">Interpretive Itinerary through l&#039;Albufera De Valencia<\/a> <span class=\"rank-math-html-sitemap__date\">(4 de March de 2024)<\/span><\/li><li class=\"rank-math-html-sitemap__item\"><a href=\"https:\/\/fundacionoceanografic.org\/en\/environmental-services\/beach-cleanup\/\" class=\"rank-math-html-sitemap__link\">Beach Cleanup<\/a> <span class=\"rank-math-html-sitemap__date\">(4 de March de 2024)<\/span><\/li><\/ul><\/div><div class=\"rank-math-html-sitemap__section rank-math-html-sitemap__section--post-type rank-math-html-sitemap__section--animal\"><h2 id=\"i7\" class=\"rank-math-html-sitemap__title\">Animales<\/h2><ul class=\"rank-math-html-sitemap__list\"><li class=\"rank-math-html-sitemap__item\"><a href=\"https:\/\/fundacionoceanografic.org\/en\/animals\/bartola\/\" class=\"rank-math-html-sitemap__link\">BARTOLA<\/a> <span class=\"rank-math-html-sitemap__date\">(19 de October de 2025)<\/span><\/li><li class=\"rank-math-html-sitemap__item\"><a href=\"https:\/\/fundacionoceanografic.org\/en\/animals\/ona\/\" class=\"rank-math-html-sitemap__link\">ONA<\/a> <span class=\"rank-math-html-sitemap__date\">(16 de June de 2025)<\/span><\/li><li class=\"rank-math-html-sitemap__item\"><a href=\"https:\/\/fundacionoceanografic.org\/en\/animals\/ibiza-2\/\" class=\"rank-math-html-sitemap__link\">Ibiza 2<\/a> <span class=\"rank-math-html-sitemap__date\">(22 de November de 2024)<\/span><\/li><li class=\"rank-math-html-sitemap__item\"><a href=\"https:\/\/fundacionoceanografic.org\/en\/animals\/ibiza-3\/\" class=\"rank-math-html-sitemap__link\">Ibiza 3<\/a> <span class=\"rank-math-html-sitemap__date\">(22 de November de 2024)<\/span><\/li><li class=\"rank-math-html-sitemap__item\"><a href=\"https:\/\/fundacionoceanografic.org\/en\/animals\/murcia-6\/\" class=\"rank-math-html-sitemap__link\">MURCIA 6<\/a> <span class=\"rank-math-html-sitemap__date\">(22 de November de 2024)<\/span><\/li><li class=\"rank-math-html-sitemap__item\"><a href=\"https:\/\/fundacionoceanografic.org\/en\/animals\/murcia-5\/\" class=\"rank-math-html-sitemap__link\">MURCIA 5<\/a> <span class=\"rank-math-html-sitemap__date\">(22 de November de 2024)<\/span><\/li><li class=\"rank-math-html-sitemap__item\"><a href=\"https:\/\/fundacionoceanografic.org\/en\/animals\/murcia-4\/\" class=\"rank-math-html-sitemap__link\">MURCIA 4<\/a> <span class=\"rank-math-html-sitemap__date\">(22 de November de 2024)<\/span><\/li><li class=\"rank-math-html-sitemap__item\"><a href=\"https:\/\/fundacionoceanografic.org\/en\/animals\/murcia-3\/\" class=\"rank-math-html-sitemap__link\">MURCIA 3<\/a> <span class=\"rank-math-html-sitemap__date\">(22 de November de 2024)<\/span><\/li><li class=\"rank-math-html-sitemap__item\"><a href=\"https:\/\/fundacionoceanografic.org\/en\/animals\/murcia-10\/\" class=\"rank-math-html-sitemap__link\">MURCIA 10<\/a> <span class=\"rank-math-html-sitemap__date\">(22 de November de 2024)<\/span><\/li><li class=\"rank-math-html-sitemap__item\"><a href=\"https:\/\/fundacionoceanografic.org\/en\/animals\/murcia-9\/\" class=\"rank-math-html-sitemap__link\">MURCIA 9<\/a> <span class=\"rank-math-html-sitemap__date\">(22 de November de 2024)<\/span><\/li><li class=\"rank-math-html-sitemap__item\"><a href=\"https:\/\/fundacionoceanografic.org\/en\/animals\/murcia-8\/\" class=\"rank-math-html-sitemap__link\">MURCIA 8<\/a> <span class=\"rank-math-html-sitemap__date\">(22 de November de 2024)<\/span><\/li><li class=\"rank-math-html-sitemap__item\"><a href=\"https:\/\/fundacionoceanografic.org\/en\/animals\/murcia-7\/\" class=\"rank-math-html-sitemap__link\">MURCIA 7<\/a> <span class=\"rank-math-html-sitemap__date\">(22 de November de 2024)<\/span><\/li><li class=\"rank-math-html-sitemap__item\"><a href=\"https:\/\/fundacionoceanografic.org\/en\/animals\/murcia-1\/\" class=\"rank-math-html-sitemap__link\">MURCIA 1<\/a> <span class=\"rank-math-html-sitemap__date\">(22 de November de 2024)<\/span><\/li><li class=\"rank-math-html-sitemap__item\"><a href=\"https:\/\/fundacionoceanografic.org\/en\/animals\/murcia-2\/\" class=\"rank-math-html-sitemap__link\">MURCIA 2<\/a> <span class=\"rank-math-html-sitemap__date\">(22 de November de 2024)<\/span><\/li><li class=\"rank-math-html-sitemap__item\"><a href=\"https:\/\/fundacionoceanografic.org\/en\/animals\/andalucia-2\/\" class=\"rank-math-html-sitemap__link\">ANDALUCIA 2<\/a> <span class=\"rank-math-html-sitemap__date\">(22 de November de 2024)<\/span><\/li><li class=\"rank-math-html-sitemap__item\"><a href=\"https:\/\/fundacionoceanografic.org\/en\/animals\/andalucia-4\/\" class=\"rank-math-html-sitemap__link\">ANDALUCIA 4<\/a> <span class=\"rank-math-html-sitemap__date\">(22 de November de 2024)<\/span><\/li><li class=\"rank-math-html-sitemap__item\"><a href=\"https:\/\/fundacionoceanografic.org\/en\/animals\/andalusia-1\/\" class=\"rank-math-html-sitemap__link\">ANDALUSIA 1<\/a> <span class=\"rank-math-html-sitemap__date\">(22 de November de 2024)<\/span><\/li><li class=\"rank-math-html-sitemap__item\"><a href=\"https:\/\/fundacionoceanografic.org\/en\/animals\/andalucia-3\/\" class=\"rank-math-html-sitemap__link\">ANDALUCIA 3<\/a> <span class=\"rank-math-html-sitemap__date\">(22 de November de 2024)<\/span><\/li><li class=\"rank-math-html-sitemap__item\"><a href=\"https:\/\/fundacionoceanografic.org\/en\/animals\/andalucia-7\/\" class=\"rank-math-html-sitemap__link\">ANDALUCIA 7<\/a> <span class=\"rank-math-html-sitemap__date\">(22 de November de 2024)<\/span><\/li><\/ul><\/div><div class=\"rank-math-html-sitemap__section rank-math-html-sitemap__section--taxonomy rank-math-html-sitemap__section--category\"><h2 id=\"i8\" class=\"rank-math-html-sitemap__title\">Categories<\/h2><ul class=\"rank-math-html-sitemap__list\"><li class=\"rank-math-html-sitemap__item\"><a href=\"https:\/\/fundacionoceanografic.org\/en\/category\/conservation-en\/\" class=\"rank-math-html-sitemap__link\">conservation<\/a><\/li><li class=\"rank-math-html-sitemap__item\"><a href=\"https:\/\/fundacionoceanografic.org\/en\/category\/conservation-en-2\/\" class=\"rank-math-html-sitemap__link\">conservation<\/a><\/li><li class=\"rank-math-html-sitemap__item\"><a href=\"https:\/\/fundacionoceanografic.org\/en\/category\/conservation\/\" class=\"rank-math-html-sitemap__link\">Conservation<\/a><\/li><li class=\"rank-math-html-sitemap__item\"><a href=\"https:\/\/fundacionoceanografic.org\/en\/category\/uncategorized\/\" class=\"rank-math-html-sitemap__link\">Uncategorized<\/a><\/li><\/ul><\/div><\/div>\n","protected":false},"excerpt":{"rendered":"","protected":false},"author":1,"featured_media":0,"parent":0,"menu_order":13,"comment_status":"closed","ping_status":"closed","template":"","meta":{"_acf_changed":false,"content-type":"","footnotes":""},"class_list":["post-5518","page","type-page","status-publish","hentry"],"acf":[],"_links":{"self":[{"href":"https:\/\/fundacionoceanografic.org\/en\/wp-json\/wp\/v2\/pages\/5518","targetHints":{"allow":["GET"]}}],"collection":[{"href":"https:\/\/fundacionoceanografic.org\/en\/wp-json\/wp\/v2\/pages"}],"about":[{"href":"https:\/\/fundacionoceanografic.org\/en\/wp-json\/wp\/v2\/types\/page"}],"author":[{"embeddable":true,"href":"https:\/\/fundacionoceanografic.org\/en\/wp-json\/wp\/v2\/users\/1"}],"replies":[{"embeddable":true,"href":"https:\/\/fundacionoceanografic.org\/en\/wp-json\/wp\/v2\/comments?post=5518"}],"version-history":[{"count":3,"href":"https:\/\/fundacionoceanografic.org\/en\/wp-json\/wp\/v2\/pages\/5518\/revisions"}],"predecessor-version":[{"id":5521,"href":"https:\/\/fundacionoceanografic.org\/en\/wp-json\/wp\/v2\/pages\/5518\/revisions\/5521"}],"wp:attachment":[{"href":"https:\/\/fundacionoceanografic.org\/en\/wp-json\/wp\/v2\/media?parent=5518"}],"curies":[{"name":"wp","href":"https:\/\/api.w.org\/{rel}","templated":true}]}}