{"id":6465,"date":"2026-04-23T16:53:53","date_gmt":"2026-04-23T14:53:53","guid":{"rendered":"https:\/\/fundacionoceanografic.org\/?post_type=evento&#038;p=6465"},"modified":"2026-04-23T16:54:27","modified_gmt":"2026-04-23T14:54:27","slug":"anillamiento-de-aves-4","status":"publish","type":"evento","link":"https:\/\/fundacionoceanografic.org\/en\/calendar\/anillamiento-de-aves-4\/","title":{"rendered":"Anillamiento de aves"},"content":{"rendered":"\n<p>La actividad de anillamiento cient\u00edfico de aves, realizada en colaboraci\u00f3n con la empresa 2K, se enmarca en una acci\u00f3n conjunta de educaci\u00f3n ambiental y ciencia aplicada que permite obtener informaci\u00f3n clave para el seguimiento y la conservaci\u00f3n de las poblaciones de aves silvestres. 2K es una empresa comprometida con la sostenibilidad y la responsabilidad social, que colabora en iniciativas de sensibilizaci\u00f3n ambiental dirigidas a acercar la conservaci\u00f3n de la biodiversidad al \u00e1mbito empresarial. Esta colaboraci\u00f3n forma parte de la pol\u00edtica de servicios ambientales de la Fundaci\u00f3n Oceanogr\u00e0fic con empresas, cuyo objetivo es generar alianzas estrat\u00e9gicas que integren la conservaci\u00f3n del medio natural, la divulgaci\u00f3n cient\u00edfica y la implicaci\u00f3n activa del sector privado, reforzando el impacto positivo de las acciones ambientales y promoviendo un compromiso real con la protecci\u00f3n de la biodiversidad.<\/p>\n","protected":false},"featured_media":5983,"parent":0,"template":"","programa":[],"tipo-de-evento":[14],"class_list":["post-6465","evento","type-evento","status-publish","has-post-thumbnail","hentry","tipo-de-evento-actividad-con-colaboradores"],"acf":[],"_links":{"self":[{"href":"https:\/\/fundacionoceanografic.org\/en\/wp-json\/wp\/v2\/evento\/6465","targetHints":{"allow":["GET"]}}],"collection":[{"href":"https:\/\/fundacionoceanografic.org\/en\/wp-json\/wp\/v2\/evento"}],"about":[{"href":"https:\/\/fundacionoceanografic.org\/en\/wp-json\/wp\/v2\/types\/evento"}],"wp:featuredmedia":[{"embeddable":true,"href":"https:\/\/fundacionoceanografic.org\/en\/wp-json\/wp\/v2\/media\/5983"}],"wp:attachment":[{"href":"https:\/\/fundacionoceanografic.org\/en\/wp-json\/wp\/v2\/media?parent=6465"}],"wp:term":[{"taxonomy":"programa","embeddable":true,"href":"https:\/\/fundacionoceanografic.org\/en\/wp-json\/wp\/v2\/programa?post=6465"},{"taxonomy":"tipo-de-evento","embeddable":true,"href":"https:\/\/fundacionoceanografic.org\/en\/wp-json\/wp\/v2\/tipo-de-evento?post=6465"}],"curies":[{"name":"wp","href":"https:\/\/api.w.org\/{rel}","templated":true}]}}