{"id":6464,"date":"2026-04-23T16:50:39","date_gmt":"2026-04-23T14:50:39","guid":{"rendered":"https:\/\/fundacionoceanografic.org\/?post_type=evento&#038;p=6464"},"modified":"2026-04-23T16:50:39","modified_gmt":"2026-04-23T14:50:39","slug":"mares-con-proposito-8","status":"publish","type":"evento","link":"https:\/\/fundacionoceanografic.org\/en\/calendar\/mares-con-proposito-8\/","title":{"rendered":"Mares con Prop\u00f3sito"},"content":{"rendered":"\n<p>La cuarta sesi\u00f3n de formaci\u00f3n del proyecto de voluntariado inclusivo Mares con Prop\u00f3sito est\u00e1 organizada por la asociaci\u00f3n ASPRONA, que ofrecer\u00e1 al grupo de personas voluntarias una actividad sorpresa especialmente dise\u00f1ada para fomentar la participaci\u00f3n, la convivencia y el disfrute compartido. Mares con Prop\u00f3sito es una iniciativa de la Fundaci\u00f3n Oceanogr\u00e0fic que impulsa la inclusi\u00f3n de personas con discapacidad intelectual en acciones de educaci\u00f3n ambiental y divulgaci\u00f3n marina, combinando formaci\u00f3n, experiencias pr\u00e1cticas y trabajo en equipo. Esta sesi\u00f3n refuerza el car\u00e1cter colaborativo del proyecto y el valor de las alianzas con entidades sociales comprometidas con la inclusi\u00f3n y la sensibilizaci\u00f3n ambiental.<\/p>\n","protected":false},"featured_media":3463,"parent":0,"template":"","programa":[],"tipo-de-evento":[14],"class_list":["post-6464","evento","type-evento","status-publish","has-post-thumbnail","hentry","tipo-de-evento-actividad-con-colaboradores"],"acf":[],"_links":{"self":[{"href":"https:\/\/fundacionoceanografic.org\/en\/wp-json\/wp\/v2\/evento\/6464","targetHints":{"allow":["GET"]}}],"collection":[{"href":"https:\/\/fundacionoceanografic.org\/en\/wp-json\/wp\/v2\/evento"}],"about":[{"href":"https:\/\/fundacionoceanografic.org\/en\/wp-json\/wp\/v2\/types\/evento"}],"wp:featuredmedia":[{"embeddable":true,"href":"https:\/\/fundacionoceanografic.org\/en\/wp-json\/wp\/v2\/media\/3463"}],"wp:attachment":[{"href":"https:\/\/fundacionoceanografic.org\/en\/wp-json\/wp\/v2\/media?parent=6464"}],"wp:term":[{"taxonomy":"programa","embeddable":true,"href":"https:\/\/fundacionoceanografic.org\/en\/wp-json\/wp\/v2\/programa?post=6464"},{"taxonomy":"tipo-de-evento","embeddable":true,"href":"https:\/\/fundacionoceanografic.org\/en\/wp-json\/wp\/v2\/tipo-de-evento?post=6464"}],"curies":[{"name":"wp","href":"https:\/\/api.w.org\/{rel}","templated":true}]}}