{"id":6463,"date":"2026-04-23T16:47:00","date_gmt":"2026-04-23T14:47:00","guid":{"rendered":"https:\/\/fundacionoceanografic.org\/?post_type=evento&#038;p=6463"},"modified":"2026-04-23T16:47:00","modified_gmt":"2026-04-23T14:47:00","slug":"suelta-de-tortuga-marina-16","status":"publish","type":"evento","link":"https:\/\/fundacionoceanografic.org\/en\/calendar\/suelta-de-tortuga-marina-16\/","title":{"rendered":"Suelta de tortuga marina"},"content":{"rendered":"\n<p>El pr\u00f3ximo 12 de mayo se celebrar\u00e1 una suelta de tortuga marina en colaboraci\u00f3n con Stella Maris y Cruz Roja, una acci\u00f3n de conservaci\u00f3n que forma parte de los programas de recuperaci\u00f3n de especies amenazadas impulsados por la Fundaci\u00f3n Oceanogr\u00e0fic. Esta actividad se enmarca dentro de la pol\u00edtica de Responsabilidad Social Corporativa (RSC) de la Fundaci\u00f3n, que apuesta por una conservaci\u00f3n marina comprometida con la inclusi\u00f3n social y la atenci\u00f3n a colectivos vulnerables, favoreciendo su participaci\u00f3n activa en acciones de sensibilizaci\u00f3n y protecci\u00f3n del medio marino. A trav\u00e9s de este enfoque, la Fundaci\u00f3n refuerza su compromiso con la biodiversidad marina y con una educaci\u00f3n ambiental responsable, integradora y basada en criterios cient\u00edficos.<\/p>\n\n\n\n\n","protected":false},"featured_media":537,"parent":0,"template":"","programa":[],"tipo-de-evento":[14],"class_list":["post-6463","evento","type-evento","status-publish","has-post-thumbnail","hentry","tipo-de-evento-actividad-con-colaboradores"],"acf":[],"_links":{"self":[{"href":"https:\/\/fundacionoceanografic.org\/en\/wp-json\/wp\/v2\/evento\/6463","targetHints":{"allow":["GET"]}}],"collection":[{"href":"https:\/\/fundacionoceanografic.org\/en\/wp-json\/wp\/v2\/evento"}],"about":[{"href":"https:\/\/fundacionoceanografic.org\/en\/wp-json\/wp\/v2\/types\/evento"}],"wp:featuredmedia":[{"embeddable":true,"href":"https:\/\/fundacionoceanografic.org\/en\/wp-json\/wp\/v2\/media\/537"}],"wp:attachment":[{"href":"https:\/\/fundacionoceanografic.org\/en\/wp-json\/wp\/v2\/media?parent=6463"}],"wp:term":[{"taxonomy":"programa","embeddable":true,"href":"https:\/\/fundacionoceanografic.org\/en\/wp-json\/wp\/v2\/programa?post=6463"},{"taxonomy":"tipo-de-evento","embeddable":true,"href":"https:\/\/fundacionoceanografic.org\/en\/wp-json\/wp\/v2\/tipo-de-evento?post=6463"}],"curies":[{"name":"wp","href":"https:\/\/api.w.org\/{rel}","templated":true}]}}