{"id":6316,"date":"2026-02-10T17:50:17","date_gmt":"2026-02-10T16:50:17","guid":{"rendered":"https:\/\/fundacionoceanografic.org\/?post_type=evento&#038;p=6316"},"modified":"2026-04-23T11:25:19","modified_gmt":"2026-04-23T09:25:19","slug":"marea-del-cambio-ciclo-de-dialogos-cientificos-9","status":"publish","type":"evento","link":"https:\/\/fundacionoceanografic.org\/en\/calendar\/marea-del-cambio-ciclo-de-dialogos-cientificos-9\/","title":{"rendered":"Marea del Cambio con Jos\u00e9 Antonio Moya y Carlos Mic\u00f3"},"content":{"rendered":"\n<p>La mesa <strong>\u201cExplorar bajo cero: buceo, im\u00e1genes y naturaleza en los confines del planeta\u201d<\/strong> re\u00fane a dos expertos en comunicaci\u00f3n, ciencia y naturaleza para conversar sobre sus experiencias en la Ant\u00e1rtida. Con una mirada que abarca desde el buceo en aguas heladas hasta la documentaci\u00f3n audiovisual de entornos extremos, esta sesi\u00f3n explorar\u00e1 c\u00f3mo se comunica la ciencia en los polos, qu\u00e9 retos t\u00e9cnicos y humanos implican estas exploraciones, y qu\u00e9 lecciones pueden ofrecer los ecosistemas polares frente al cambio clim\u00e1tico. A trav\u00e9s de relatos personales, im\u00e1genes y di\u00e1logo con el p\u00fablico, Moya y Mic\u00f3 ofrecer\u00e1n una mirada profunda y actual sobre la vida y el conocimiento en los lugares m\u00e1s inh\u00f3spitos de la Tierra.\u200b<\/p>\n\n\n\n<p>\u200b\ud83d\udc64 Jos\u00e9 Antonio Moya\u200b: profesor titular de Universidad en Comunicaci\u00f3n y Psicolog\u00eda Social (Universidad de Alicante), especializado en comunicaci\u00f3n audiovisual de la ciencia y patrimonio subacu\u00e1tico. \u200bHa participado en cuatro expediciones cient\u00edficas a la Ant\u00e1rtida con el Instituto Espa\u00f1ol de Oceanograf\u00eda. \u200bRealizador y productor con m\u00e1s de 150 producciones audiovisuales cient\u00edficas, incluyendo el documental de gran formato Ant\u00e1rtida, la vida en el L\u00edmite para TVE. \u200b<\/p>\n\n\n\n<p>\u200b\ud83d\udc64 Carlos Mic\u00f3\u200b: naturalista, historiador y arque\u00f3logo con experiencia en escritura, documentalismo y viajes de naturaleza. \u200bHa viajado y documentado temas relacionados con Ant\u00e1rtida y naturaleza extrema, con enfoque en fauna polar y el contexto ecol\u00f3gico de los polos. \u200b<br>\u200b<\/p>\n","protected":false},"featured_media":6332,"parent":0,"template":"","programa":[85,34],"tipo-de-evento":[36],"class_list":["post-6316","evento","type-evento","status-publish","has-post-thumbnail","hentry","programa-programa-2026","programa-marea-agenda","tipo-de-evento-marea-del-cambio"],"acf":[],"_links":{"self":[{"href":"https:\/\/fundacionoceanografic.org\/en\/wp-json\/wp\/v2\/evento\/6316","targetHints":{"allow":["GET"]}}],"collection":[{"href":"https:\/\/fundacionoceanografic.org\/en\/wp-json\/wp\/v2\/evento"}],"about":[{"href":"https:\/\/fundacionoceanografic.org\/en\/wp-json\/wp\/v2\/types\/evento"}],"wp:featuredmedia":[{"embeddable":true,"href":"https:\/\/fundacionoceanografic.org\/en\/wp-json\/wp\/v2\/media\/6332"}],"wp:attachment":[{"href":"https:\/\/fundacionoceanografic.org\/en\/wp-json\/wp\/v2\/media?parent=6316"}],"wp:term":[{"taxonomy":"programa","embeddable":true,"href":"https:\/\/fundacionoceanografic.org\/en\/wp-json\/wp\/v2\/programa?post=6316"},{"taxonomy":"tipo-de-evento","embeddable":true,"href":"https:\/\/fundacionoceanografic.org\/en\/wp-json\/wp\/v2\/tipo-de-evento?post=6316"}],"curies":[{"name":"wp","href":"https:\/\/api.w.org\/{rel}","templated":true}]}}