{"id":6292,"date":"2026-01-29T17:16:44","date_gmt":"2026-01-29T16:16:44","guid":{"rendered":"https:\/\/fundacionoceanografic.org\/?post_type=evento&#038;p=6292"},"modified":"2026-02-02T15:32:36","modified_gmt":"2026-02-02T14:32:36","slug":"actividad-formativa","status":"publish","type":"evento","link":"https:\/\/fundacionoceanografic.org\/en\/calendar\/actividad-formativa\/","title":{"rendered":"Actividad formativa"},"content":{"rendered":"\n<p>Desde el \u00e1rea Comercial se llevar\u00e1n a cabo cuatro Fam Trips dirigidos a personal de hoteles y oficinas de turismo, con el objetivo de dar a conocer la experiencia y los valores del Oceanogr\u00e0fic. Participar\u00e1n aproximadamente 40 asistentes. La actividad incluir\u00e1 la recepci\u00f3n por parte del equipo de Marketing, una experiencia con gafas de Realidad Mixta, un espacio de encuentro con coffee y una visita guiada de car\u00e1cter educativo centrada en las \u00e1reas de Polares y Arca, ofreciendo una visi\u00f3n completa del proyecto desde los \u00e1mbitos tur\u00edstico, educativo y de conservaci\u00f3n.<\/p>\n","protected":false},"featured_media":5079,"parent":0,"template":"","programa":[],"tipo-de-evento":[14],"class_list":["post-6292","evento","type-evento","status-publish","has-post-thumbnail","hentry","tipo-de-evento-actividad-con-colaboradores"],"acf":[],"_links":{"self":[{"href":"https:\/\/fundacionoceanografic.org\/en\/wp-json\/wp\/v2\/evento\/6292","targetHints":{"allow":["GET"]}}],"collection":[{"href":"https:\/\/fundacionoceanografic.org\/en\/wp-json\/wp\/v2\/evento"}],"about":[{"href":"https:\/\/fundacionoceanografic.org\/en\/wp-json\/wp\/v2\/types\/evento"}],"wp:featuredmedia":[{"embeddable":true,"href":"https:\/\/fundacionoceanografic.org\/en\/wp-json\/wp\/v2\/media\/5079"}],"wp:attachment":[{"href":"https:\/\/fundacionoceanografic.org\/en\/wp-json\/wp\/v2\/media?parent=6292"}],"wp:term":[{"taxonomy":"programa","embeddable":true,"href":"https:\/\/fundacionoceanografic.org\/en\/wp-json\/wp\/v2\/programa?post=6292"},{"taxonomy":"tipo-de-evento","embeddable":true,"href":"https:\/\/fundacionoceanografic.org\/en\/wp-json\/wp\/v2\/tipo-de-evento?post=6292"}],"curies":[{"name":"wp","href":"https:\/\/api.w.org\/{rel}","templated":true}]}}