{"id":6201,"date":"2026-01-07T16:35:01","date_gmt":"2026-01-07T15:35:01","guid":{"rendered":"https:\/\/fundacionoceanografic.org\/?post_type=evento&#038;p=6201"},"modified":"2026-01-15T10:03:13","modified_gmt":"2026-01-15T09:03:13","slug":"suelta-de-tortuga-marina-8","status":"publish","type":"evento","link":"https:\/\/fundacionoceanografic.org\/en\/calendar\/suelta-de-tortuga-marina-8\/","title":{"rendered":"Suelta de tres tortugas marinas"},"content":{"rendered":"\n<p>Junto a Amigos del Oceanogr\u00e0fic y la Ciutat de les Arts i les Ci\u00e8ncies<\/p>\n\n\n\n<p>La suelta de una tortuga marina recuperada, realizada junto a los Amigos del Oceanogr\u00e0fic y la Ciutat de les Arts i les Ci\u00e8ncies, destaca la importancia de la conservaci\u00f3n de la fauna marina y el compromiso social con la protecci\u00f3n del entorno natural. Esta actividad pone en valor el papel de quienes forman parte del pase anual, acerc\u00e1ndolos de manera directa al trabajo de rescate, recuperaci\u00f3n y explicaci\u00f3n cient\u00edfica que desarrolla la Fundaci\u00f3n Oceanogr\u00e0fic. La experiencia refuerza la concienciaci\u00f3n ambiental y el v\u00ednculo entre la ciudadan\u00eda y los oc\u00e9anos, convirtiendo la suelta en un acto simb\u00f3lico y educativo de gran impacto.<\/p>\n\n\n\n\n","protected":false},"featured_media":4855,"parent":0,"template":"","programa":[],"tipo-de-evento":[14],"class_list":["post-6201","evento","type-evento","status-publish","has-post-thumbnail","hentry","tipo-de-evento-actividad-con-colaboradores"],"acf":[],"_links":{"self":[{"href":"https:\/\/fundacionoceanografic.org\/en\/wp-json\/wp\/v2\/evento\/6201","targetHints":{"allow":["GET"]}}],"collection":[{"href":"https:\/\/fundacionoceanografic.org\/en\/wp-json\/wp\/v2\/evento"}],"about":[{"href":"https:\/\/fundacionoceanografic.org\/en\/wp-json\/wp\/v2\/types\/evento"}],"wp:featuredmedia":[{"embeddable":true,"href":"https:\/\/fundacionoceanografic.org\/en\/wp-json\/wp\/v2\/media\/4855"}],"wp:attachment":[{"href":"https:\/\/fundacionoceanografic.org\/en\/wp-json\/wp\/v2\/media?parent=6201"}],"wp:term":[{"taxonomy":"programa","embeddable":true,"href":"https:\/\/fundacionoceanografic.org\/en\/wp-json\/wp\/v2\/programa?post=6201"},{"taxonomy":"tipo-de-evento","embeddable":true,"href":"https:\/\/fundacionoceanografic.org\/en\/wp-json\/wp\/v2\/tipo-de-evento?post=6201"}],"curies":[{"name":"wp","href":"https:\/\/api.w.org\/{rel}","templated":true}]}}