{"id":6096,"date":"2025-11-24T12:40:41","date_gmt":"2025-11-24T11:40:41","guid":{"rendered":"https:\/\/fundacionoceanografic.org\/?post_type=evento&#038;p=6096"},"modified":"2025-11-24T12:40:41","modified_gmt":"2025-11-24T11:40:41","slug":"suelta-de-tortuga-junto-al-ceip-garbi","status":"publish","type":"evento","link":"https:\/\/fundacionoceanografic.org\/en\/calendar\/suelta-de-tortuga-junto-al-ceip-garbi\/","title":{"rendered":"Suelta de tortuga junto al CEIP Garb\u00ed"},"content":{"rendered":"\n<p>La suelta educativa de una tortuga marina con 85 escolares del CEIP Garb\u00ed de l&#8217;Eliana (3\u00bay 4\u00ba de Primaria)\u00a0es una experiencia de aprendizaje que enlaza el curr\u00edculo escolar con la conservaci\u00f3n real. El alumnado descubre de forma directa la biolog\u00eda de estas especies, las amenazas que sufren y las buenas pr\u00e1cticas en la playa, participando adem\u00e1s en un gesto simb\u00f3lico de regreso al mar. La tortuga, recuperada y rehabilitada en el ARCA del Mar del Oceanogr\u00e0fic dentro de los programas de rescate y bienestar animal, permite explicar todo el proceso con el fin de impulsar la responsabilidad ambiental, el pensamiento cr\u00edtico y la implicaci\u00f3n de la comunidad educativa en la protecci\u00f3n de la biodiversidad.\u00a0<\/p>\n","protected":false},"featured_media":3085,"parent":0,"template":"","programa":[],"tipo-de-evento":[14],"class_list":["post-6096","evento","type-evento","status-publish","has-post-thumbnail","hentry","tipo-de-evento-actividad-con-colaboradores"],"acf":[],"_links":{"self":[{"href":"https:\/\/fundacionoceanografic.org\/en\/wp-json\/wp\/v2\/evento\/6096","targetHints":{"allow":["GET"]}}],"collection":[{"href":"https:\/\/fundacionoceanografic.org\/en\/wp-json\/wp\/v2\/evento"}],"about":[{"href":"https:\/\/fundacionoceanografic.org\/en\/wp-json\/wp\/v2\/types\/evento"}],"wp:featuredmedia":[{"embeddable":true,"href":"https:\/\/fundacionoceanografic.org\/en\/wp-json\/wp\/v2\/media\/3085"}],"wp:attachment":[{"href":"https:\/\/fundacionoceanografic.org\/en\/wp-json\/wp\/v2\/media?parent=6096"}],"wp:term":[{"taxonomy":"programa","embeddable":true,"href":"https:\/\/fundacionoceanografic.org\/en\/wp-json\/wp\/v2\/programa?post=6096"},{"taxonomy":"tipo-de-evento","embeddable":true,"href":"https:\/\/fundacionoceanografic.org\/en\/wp-json\/wp\/v2\/tipo-de-evento?post=6096"}],"curies":[{"name":"wp","href":"https:\/\/api.w.org\/{rel}","templated":true}]}}